{"id":2256,"date":"2021-01-10T23:16:52","date_gmt":"2021-01-10T23:16:52","guid":{"rendered":"https:\/\/outcrop.pt\/pt\/?page_id=2256"},"modified":"2021-03-31T13:26:34","modified_gmt":"2021-03-31T13:26:34","slug":"birdwatching-aveiro","status":"publish","type":"page","link":"https:\/\/outcrop.pt\/pt\/galeria-fotos\/birdwatching-aveiro\/","title":{"rendered":"Birdwatching Aveiro"},"content":{"rendered":"\t\t<div data-elementor-type=\"wp-page\" data-elementor-id=\"2256\" class=\"elementor elementor-2256\">\n\t\t\t\t\t\t<section class=\"elementor-section elementor-top-section elementor-element elementor-element-57dd201 elementor-section-stretched elementor-section-boxed elementor-section-height-default elementor-section-height-default\" data-id=\"57dd201\" data-element_type=\"section\" data-settings=\"{&quot;stretch_section&quot;:&quot;section-stretched&quot;}\">\n\t\t\t\t\t\t<div class=\"elementor-container elementor-column-gap-default\">\n\t\t\t\t\t<div class=\"elementor-column elementor-col-100 elementor-top-column elementor-element elementor-element-d995e39\" data-id=\"d995e39\" data-element_type=\"column\">\n\t\t\t<div class=\"elementor-widget-wrap elementor-element-populated\">\n\t\t\t\t\t\t<div class=\"elementor-element elementor-element-19a9c452 elementor-widget elementor-widget-heading\" data-id=\"19a9c452\" data-element_type=\"widget\" data-widget_type=\"heading.default\">\n\t\t\t\t<div class=\"elementor-widget-container\">\n\t\t\t\t\t<h2 class=\"elementor-heading-title elementor-size-default\">Birdwatching aveiro, um dos mais belos ref\u00fagios de aves de portugal<\/h2>\t\t\t\t<\/div>\n\t\t\t\t<\/div>\n\t\t\t\t<div class=\"elementor-element elementor-element-bfa3986 elementor-shape-circle elementor-grid-0 e-grid-align-center elementor-widget elementor-widget-social-icons\" data-id=\"bfa3986\" data-element_type=\"widget\" data-widget_type=\"social-icons.default\">\n\t\t\t\t<div class=\"elementor-widget-container\">\n\t\t\t\t\t\t\t<div class=\"elementor-social-icons-wrapper elementor-grid\">\n\t\t\t\t\t\t\t<span class=\"elementor-grid-item\">\n\t\t\t\t\t<a class=\"elementor-icon elementor-social-icon elementor-social-icon-facebook elementor-repeater-item-030f10d\" href=\"https:\/\/www.facebook.com\/outcrop.pt\/photos\" target=\"_blank\">\n\t\t\t\t\t\t<span class=\"elementor-screen-only\">Facebook<\/span>\n\t\t\t\t\t\t<i class=\"fab fa-facebook\"><\/i>\t\t\t\t\t<\/a>\n\t\t\t\t<\/span>\n\t\t\t\t\t\t\t<span class=\"elementor-grid-item\">\n\t\t\t\t\t<a class=\"elementor-icon elementor-social-icon elementor-social-icon-instagram elementor-repeater-item-f8dd4a8\" href=\"https:\/\/www.instagram.com\/outcrop.pt\" target=\"_blank\">\n\t\t\t\t\t\t<span class=\"elementor-screen-only\">Instagram<\/span>\n\t\t\t\t\t\t<i class=\"fab fa-instagram\"><\/i>\t\t\t\t\t<\/a>\n\t\t\t\t<\/span>\n\t\t\t\t\t<\/div>\n\t\t\t\t\t\t<\/div>\n\t\t\t\t<\/div>\n\t\t\t\t\t<\/div>\n\t\t<\/div>\n\t\t\t\t\t<\/div>\n\t\t<\/section>\n\t\t\t\t<section class=\"elementor-section elementor-top-section elementor-element elementor-element-6e71b1d1 elementor-section-full_width elementor-section-stretched elementor-section-height-default elementor-section-height-default\" data-id=\"6e71b1d1\" data-element_type=\"section\" data-settings=\"{&quot;stretch_section&quot;:&quot;section-stretched&quot;}\">\n\t\t\t\t\t\t<div class=\"elementor-container elementor-column-gap-default\">\n\t\t\t\t\t<div class=\"elementor-column elementor-col-100 elementor-top-column elementor-element elementor-element-3185f5d1\" data-id=\"3185f5d1\" data-element_type=\"column\">\n\t\t\t<div class=\"elementor-widget-wrap elementor-element-populated\">\n\t\t\t\t\t\t<div class=\"elementor-element elementor-element-93e250f gallery-spacing-custom elementor-widget elementor-widget-image-gallery\" data-id=\"93e250f\" data-element_type=\"widget\" data-widget_type=\"image-gallery.default\">\n\t\t\t\t<div class=\"elementor-widget-container\">\n\t\t\t\t\t\t\t<div class=\"elementor-image-gallery\">\n\t\t\t<div id='gallery-1' class='gallery galleryid-2256 gallery-columns-4 gallery-size-sydney-medium-thumb'><figure class='gallery-item'>\n\t\t\t<div class='gallery-icon landscape'>\n\t\t\t\t<a data-elementor-open-lightbox=\"yes\" data-elementor-lightbox-slideshow=\"93e250f\" data-elementor-lightbox-title=\"Ardea Purpurea, Aveiro, Portugal_photo by Gil\" data-elementor-lightbox-description=\"Birdwatching Aveiro Portugal\" data-e-action-hash=\"#elementor-action%3Aaction%3Dlightbox%26settings%3DeyJpZCI6MjM5MiwidXJsIjoiaHR0cHM6XC9cL291dGNyb3AucHRcL3B0XC93cC1jb250ZW50XC91cGxvYWRzXC8yMDIxXC8wMVwvQXJkZWEtUHVycHVyZWEtQXZlaXJvLVBvcnR1Z2FsX3Bob3RvLWJ5LUdpbC5qcGciLCJzbGlkZXNob3ciOiI5M2UyNTBmIn0%3D\" href='https:\/\/outcrop.pt\/pt\/wp-content\/uploads\/2021\/01\/Ardea-Purpurea-Aveiro-Portugal_photo-by-Gil.jpg'><img fetchpriority=\"high\" decoding=\"async\" width=\"550\" height=\"400\" src=\"https:\/\/outcrop.pt\/pt\/wp-content\/uploads\/2021\/01\/Ardea-Purpurea-Aveiro-Portugal_photo-by-Gil-550x400.jpg\" class=\"attachment-sydney-medium-thumb size-sydney-medium-thumb\" alt=\"Birdwatching Aveiro Salreu\" aria-describedby=\"gallery-1-2392\" \/><\/a>\n\t\t\t<\/div>\n\t\t\t\t<figcaption class='wp-caption-text gallery-caption' id='gallery-1-2392'>\n\t\t\t\tGar\u00e7a Vermelha\n\t\t\t\t<\/figcaption><\/figure><figure class='gallery-item'>\n\t\t\t<div class='gallery-icon landscape'>\n\t\t\t\t<a data-elementor-open-lightbox=\"yes\" data-elementor-lightbox-slideshow=\"93e250f\" data-elementor-lightbox-title=\"Birdwatching, Flamingos, Aveiro, Portugal_photo by Gil Outcrop\" data-elementor-lightbox-description=\"Birdwatching Aveiro Portugal\" data-e-action-hash=\"#elementor-action%3Aaction%3Dlightbox%26settings%3DeyJpZCI6MjM5OSwidXJsIjoiaHR0cHM6XC9cL291dGNyb3AucHRcL3B0XC93cC1jb250ZW50XC91cGxvYWRzXC8yMDIxXC8wMVwvQmlyZHdhdGNoaW5nLUZsYW1pbmdvcy1BdmVpcm8tUG9ydHVnYWxfcGhvdG8tYnktR2lsLU91dGNyb3AuanBnIiwic2xpZGVzaG93IjoiOTNlMjUwZiJ9\" href='https:\/\/outcrop.pt\/pt\/wp-content\/uploads\/2021\/01\/Birdwatching-Flamingos-Aveiro-Portugal_photo-by-Gil-Outcrop.jpg'><img decoding=\"async\" width=\"550\" height=\"400\" src=\"https:\/\/outcrop.pt\/pt\/wp-content\/uploads\/2021\/01\/Birdwatching-Flamingos-Aveiro-Portugal_photo-by-Gil-Outcrop-550x400.jpg\" class=\"attachment-sydney-medium-thumb size-sydney-medium-thumb\" alt=\"Birdwatching Aveiro\" aria-describedby=\"gallery-1-2399\" \/><\/a>\n\t\t\t<\/div>\n\t\t\t\t<figcaption class='wp-caption-text gallery-caption' id='gallery-1-2399'>\n\t\t\t\tFlamingos\n\t\t\t\t<\/figcaption><\/figure><figure class='gallery-item'>\n\t\t\t<div class='gallery-icon landscape'>\n\t\t\t\t<a data-elementor-open-lightbox=\"yes\" data-elementor-lightbox-slideshow=\"93e250f\" data-elementor-lightbox-title=\"baby white storks, Vagos, Portugal_photo by Gil\" data-elementor-lightbox-description=\"Birdwatching Aveiro Portugal\" data-e-action-hash=\"#elementor-action%3Aaction%3Dlightbox%26settings%3DeyJpZCI6MjM5NCwidXJsIjoiaHR0cHM6XC9cL291dGNyb3AucHRcL3B0XC93cC1jb250ZW50XC91cGxvYWRzXC8yMDIxXC8wMVwvYmFieS13aGl0ZS1zdG9ya3MtVmFnb3MtUG9ydHVnYWxfcGhvdG8tYnktR2lsLmpwZyIsInNsaWRlc2hvdyI6IjkzZTI1MGYifQ%3D%3D\" href='https:\/\/outcrop.pt\/pt\/wp-content\/uploads\/2021\/01\/baby-white-storks-Vagos-Portugal_photo-by-Gil.jpg'><img decoding=\"async\" width=\"550\" height=\"400\" src=\"https:\/\/outcrop.pt\/pt\/wp-content\/uploads\/2021\/01\/baby-white-storks-Vagos-Portugal_photo-by-Gil-550x400.jpg\" class=\"attachment-sydney-medium-thumb size-sydney-medium-thumb\" alt=\"Birdwatching Vagos\" aria-describedby=\"gallery-1-2394\" \/><\/a>\n\t\t\t<\/div>\n\t\t\t\t<figcaption class='wp-caption-text gallery-caption' id='gallery-1-2394'>\n\t\t\t\tCrias de Cegonha\n\t\t\t\t<\/figcaption><\/figure><figure class='gallery-item'>\n\t\t\t<div class='gallery-icon landscape'>\n\t\t\t\t<a data-elementor-open-lightbox=\"yes\" data-elementor-lightbox-slideshow=\"93e250f\" data-elementor-lightbox-title=\"Observa\u00e7\u00e3o de aves, Aveiro, Portugal_photo by Gil\" data-elementor-lightbox-description=\"Birdwatching Aveiro Portugal\" data-e-action-hash=\"#elementor-action%3Aaction%3Dlightbox%26settings%3DeyJpZCI6MjQyMywidXJsIjoiaHR0cHM6XC9cL291dGNyb3AucHRcL3B0XC93cC1jb250ZW50XC91cGxvYWRzXC8yMDIxXC8wMVwvT2JzZXJ2YWNhby1kZS1hdmVzLUF2ZWlyby1Qb3J0dWdhbF9waG90by1ieS1HaWwuanBnIiwic2xpZGVzaG93IjoiOTNlMjUwZiJ9\" href='https:\/\/outcrop.pt\/pt\/wp-content\/uploads\/2021\/01\/Observacao-de-aves-Aveiro-Portugal_photo-by-Gil.jpg'><img loading=\"lazy\" decoding=\"async\" width=\"550\" height=\"400\" src=\"https:\/\/outcrop.pt\/pt\/wp-content\/uploads\/2021\/01\/Observacao-de-aves-Aveiro-Portugal_photo-by-Gil-550x400.jpg\" class=\"attachment-sydney-medium-thumb size-sydney-medium-thumb\" alt=\"Birdwatching Outcrop Aveiro\" aria-describedby=\"gallery-1-2423\" \/><\/a>\n\t\t\t<\/div>\n\t\t\t\t<figcaption class='wp-caption-text gallery-caption' id='gallery-1-2423'>\n\t\t\t\tObserva\u00e7\u00e3o de Aves\n\t\t\t\t<\/figcaption><\/figure><figure class='gallery-item'>\n\t\t\t<div class='gallery-icon landscape'>\n\t\t\t\t<a data-elementor-open-lightbox=\"yes\" data-elementor-lightbox-slideshow=\"93e250f\" data-elementor-lightbox-title=\"Andorinha D\u00e1urica, Aveiro, Portugal_photo by Gil\" data-elementor-lightbox-description=\"Birdwatching Aveiro Portugal\" data-e-action-hash=\"#elementor-action%3Aaction%3Dlightbox%26settings%3DeyJpZCI6MjM5MSwidXJsIjoiaHR0cHM6XC9cL291dGNyb3AucHRcL3B0XC93cC1jb250ZW50XC91cGxvYWRzXC8yMDIxXC8wMVwvQW5kb3JpbmhhLURhdXJpY2EtQXZlaXJvLVBvcnR1Z2FsX3Bob3RvLWJ5LUdpbC5qcGciLCJzbGlkZXNob3ciOiI5M2UyNTBmIn0%3D\" href='https:\/\/outcrop.pt\/pt\/wp-content\/uploads\/2021\/01\/Andorinha-Daurica-Aveiro-Portugal_photo-by-Gil.jpg'><img loading=\"lazy\" decoding=\"async\" width=\"550\" height=\"400\" src=\"https:\/\/outcrop.pt\/pt\/wp-content\/uploads\/2021\/01\/Andorinha-Daurica-Aveiro-Portugal_photo-by-Gil-550x400.jpg\" class=\"attachment-sydney-medium-thumb size-sydney-medium-thumb\" alt=\"Birdwatching Costa Nova\" aria-describedby=\"gallery-1-2391\" \/><\/a>\n\t\t\t<\/div>\n\t\t\t\t<figcaption class='wp-caption-text gallery-caption' id='gallery-1-2391'>\n\t\t\t\tAndorinha D\u00e1urica\n\t\t\t\t<\/figcaption><\/figure><figure class='gallery-item'>\n\t\t\t<div class='gallery-icon landscape'>\n\t\t\t\t<a data-elementor-open-lightbox=\"yes\" data-elementor-lightbox-slideshow=\"93e250f\" data-elementor-lightbox-title=\"Birds diversity, Aveiro, Portugal_photo by Gil Outcrop\" data-elementor-lightbox-description=\"Birdwatching Aveiro Portugal\" data-e-action-hash=\"#elementor-action%3Aaction%3Dlightbox%26settings%3DeyJpZCI6MjM5NiwidXJsIjoiaHR0cHM6XC9cL291dGNyb3AucHRcL3B0XC93cC1jb250ZW50XC91cGxvYWRzXC8yMDIxXC8wMVwvQmlyZHMtZGl2ZXJzaXR5LUF2ZWlyby1Qb3J0dWdhbF9waG90by1ieS1HaWwtT3V0Y3JvcC5qcGciLCJzbGlkZXNob3ciOiI5M2UyNTBmIn0%3D\" href='https:\/\/outcrop.pt\/pt\/wp-content\/uploads\/2021\/01\/Birds-diversity-Aveiro-Portugal_photo-by-Gil-Outcrop.jpg'><img loading=\"lazy\" decoding=\"async\" width=\"550\" height=\"400\" src=\"https:\/\/outcrop.pt\/pt\/wp-content\/uploads\/2021\/01\/Birds-diversity-Aveiro-Portugal_photo-by-Gil-Outcrop-550x400.jpg\" class=\"attachment-sydney-medium-thumb size-sydney-medium-thumb\" alt=\"Observa\u00e7\u00e3o de aves Aveiro\" aria-describedby=\"gallery-1-2396\" \/><\/a>\n\t\t\t<\/div>\n\t\t\t\t<figcaption class='wp-caption-text gallery-caption' id='gallery-1-2396'>\n\t\t\t\tDiversidade de Aves\n\t\t\t\t<\/figcaption><\/figure><figure class='gallery-item'>\n\t\t\t<div class='gallery-icon landscape'>\n\t\t\t\t<a data-elementor-open-lightbox=\"yes\" data-elementor-lightbox-slideshow=\"93e250f\" data-elementor-lightbox-title=\"Birds Sunset, Aveiro, Portugal_photo by Gil Outcrop\" data-elementor-lightbox-description=\"Birdwatching Aveiro Portugal\" data-e-action-hash=\"#elementor-action%3Aaction%3Dlightbox%26settings%3DeyJpZCI6MjM5NywidXJsIjoiaHR0cHM6XC9cL291dGNyb3AucHRcL3B0XC93cC1jb250ZW50XC91cGxvYWRzXC8yMDIxXC8wMVwvQmlyZHMtU3Vuc2V0LUF2ZWlyby1Qb3J0dWdhbF9waG90by1ieS1HaWwtT3V0Y3JvcC5qcGciLCJzbGlkZXNob3ciOiI5M2UyNTBmIn0%3D\" href='https:\/\/outcrop.pt\/pt\/wp-content\/uploads\/2021\/01\/Birds-Sunset-Aveiro-Portugal_photo-by-Gil-Outcrop.jpg'><img loading=\"lazy\" decoding=\"async\" width=\"550\" height=\"400\" src=\"https:\/\/outcrop.pt\/pt\/wp-content\/uploads\/2021\/01\/Birds-Sunset-Aveiro-Portugal_photo-by-Gil-Outcrop-550x400.jpg\" class=\"attachment-sydney-medium-thumb size-sydney-medium-thumb\" alt=\"Observa\u00e7\u00e3o de aves Aveiro\" aria-describedby=\"gallery-1-2397\" \/><\/a>\n\t\t\t<\/div>\n\t\t\t\t<figcaption class='wp-caption-text gallery-caption' id='gallery-1-2397'>\n\t\t\t\tBirds Sunset\n\t\t\t\t<\/figcaption><\/figure><figure class='gallery-item'>\n\t\t\t<div class='gallery-icon landscape'>\n\t\t\t\t<a data-elementor-open-lightbox=\"yes\" data-elementor-lightbox-slideshow=\"93e250f\" data-elementor-lightbox-title=\"Urban Egrets, Aveiro, Portugal_photo by Gil Outcrop\" data-elementor-lightbox-description=\"Birdwatching Aveiro Portugal\" data-e-action-hash=\"#elementor-action%3Aaction%3Dlightbox%26settings%3DeyJpZCI6MTM5NCwidXJsIjoiaHR0cHM6XC9cL291dGNyb3AucHRcL3B0XC93cC1jb250ZW50XC91cGxvYWRzXC8yMDIwXC8xMlwvVXJiYW4tRWdyZXRzLUF2ZWlyby1Qb3J0dWdhbF9waG90by1ieS1HaWwtT3V0Y3JvcC5qcGciLCJzbGlkZXNob3ciOiI5M2UyNTBmIn0%3D\" href='https:\/\/outcrop.pt\/pt\/wp-content\/uploads\/2020\/12\/Urban-Egrets-Aveiro-Portugal_photo-by-Gil-Outcrop.jpg'><img loading=\"lazy\" decoding=\"async\" width=\"550\" height=\"400\" src=\"https:\/\/outcrop.pt\/pt\/wp-content\/uploads\/2020\/12\/Urban-Egrets-Aveiro-Portugal_photo-by-Gil-Outcrop-550x400.jpg\" class=\"attachment-sydney-medium-thumb size-sydney-medium-thumb\" alt=\"Observa\u00e7\u00e3o de Aves na cidade de Aveiro\" aria-describedby=\"gallery-1-1394\" \/><\/a>\n\t\t\t<\/div>\n\t\t\t\t<figcaption class='wp-caption-text gallery-caption' id='gallery-1-1394'>\n\t\t\t\tAves urbanas (Carraceiros)\n\t\t\t\t<\/figcaption><\/figure><figure class='gallery-item'>\n\t\t\t<div class='gallery-icon landscape'>\n\t\t\t\t<a data-elementor-open-lightbox=\"yes\" data-elementor-lightbox-slideshow=\"93e250f\" data-elementor-lightbox-title=\"Turismo de Natureza\" data-elementor-lightbox-description=\"Birdwatching Aveiro Portugal\" data-e-action-hash=\"#elementor-action%3Aaction%3Dlightbox%26settings%3DeyJpZCI6MTA5LCJ1cmwiOiJodHRwczpcL1wvb3V0Y3JvcC5wdFwvcHRcL3dwLWNvbnRlbnRcL3VwbG9hZHNcLzIwMjBcLzA5XC9UdXJpc21vLWRlLU5hdHVyZXphLmpwZyIsInNsaWRlc2hvdyI6IjkzZTI1MGYifQ%3D%3D\" href='https:\/\/outcrop.pt\/pt\/wp-content\/uploads\/2020\/09\/Turismo-de-Natureza.jpg'><img loading=\"lazy\" decoding=\"async\" width=\"550\" height=\"400\" src=\"https:\/\/outcrop.pt\/pt\/wp-content\/uploads\/2020\/09\/Turismo-de-Natureza-550x400.jpg\" class=\"attachment-sydney-medium-thumb size-sydney-medium-thumb\" alt=\"Nature Tourism\" aria-describedby=\"gallery-1-109\" \/><\/a>\n\t\t\t<\/div>\n\t\t\t\t<figcaption class='wp-caption-text gallery-caption' id='gallery-1-109'>\n\t\t\t\tFlamingos em voo\n\t\t\t\t<\/figcaption><\/figure><figure class='gallery-item'>\n\t\t\t<div class='gallery-icon landscape'>\n\t\t\t\t<a data-elementor-open-lightbox=\"yes\" data-elementor-lightbox-slideshow=\"93e250f\" data-elementor-lightbox-title=\"A\u00e7or, Aveiro, Portugal_photo by Gil\" data-elementor-lightbox-description=\"Birdwatching Aveiro Portugal\" data-e-action-hash=\"#elementor-action%3Aaction%3Dlightbox%26settings%3DeyJpZCI6MjM5MCwidXJsIjoiaHR0cHM6XC9cL291dGNyb3AucHRcL3B0XC93cC1jb250ZW50XC91cGxvYWRzXC8yMDIxXC8wMVwvQWNvci1BdmVpcm8tUG9ydHVnYWxfcGhvdG8tYnktR2lsLmpwZyIsInNsaWRlc2hvdyI6IjkzZTI1MGYifQ%3D%3D\" href='https:\/\/outcrop.pt\/pt\/wp-content\/uploads\/2021\/01\/Acor-Aveiro-Portugal_photo-by-Gil.jpg'><img loading=\"lazy\" decoding=\"async\" width=\"550\" height=\"400\" src=\"https:\/\/outcrop.pt\/pt\/wp-content\/uploads\/2021\/01\/Acor-Aveiro-Portugal_photo-by-Gil-550x400.jpg\" class=\"attachment-sydney-medium-thumb size-sydney-medium-thumb\" alt=\"Birdwatching Aveiro\" aria-describedby=\"gallery-1-2390\" \/><\/a>\n\t\t\t<\/div>\n\t\t\t\t<figcaption class='wp-caption-text gallery-caption' id='gallery-1-2390'>\n\t\t\t\tA\u00e7or\n\t\t\t\t<\/figcaption><\/figure><figure class='gallery-item'>\n\t\t\t<div class='gallery-icon landscape'>\n\t\t\t\t<a data-elementor-open-lightbox=\"yes\" data-elementor-lightbox-slideshow=\"93e250f\" data-elementor-lightbox-title=\"Aves e Laguna de Aveiro, Portugal_photo by GIl\" data-elementor-lightbox-description=\"Birdwatching Aveiro Portugal\" data-e-action-hash=\"#elementor-action%3Aaction%3Dlightbox%26settings%3DeyJpZCI6MjM5MywidXJsIjoiaHR0cHM6XC9cL291dGNyb3AucHRcL3B0XC93cC1jb250ZW50XC91cGxvYWRzXC8yMDIxXC8wMVwvQXZlcy1lLUxhZ3VuYS1kZS1BdmVpcm8tUG9ydHVnYWxfcGhvdG8tYnktR0lsLmpwZyIsInNsaWRlc2hvdyI6IjkzZTI1MGYifQ%3D%3D\" href='https:\/\/outcrop.pt\/pt\/wp-content\/uploads\/2021\/01\/Aves-e-Laguna-de-Aveiro-Portugal_photo-by-GIl.jpg'><img loading=\"lazy\" decoding=\"async\" width=\"550\" height=\"400\" src=\"https:\/\/outcrop.pt\/pt\/wp-content\/uploads\/2021\/01\/Aves-e-Laguna-de-Aveiro-Portugal_photo-by-GIl-550x400.jpg\" class=\"attachment-sydney-medium-thumb size-sydney-medium-thumb\" alt=\"Birdwatching Aveiro\" aria-describedby=\"gallery-1-2393\" \/><\/a>\n\t\t\t<\/div>\n\t\t\t\t<figcaption class='wp-caption-text gallery-caption' id='gallery-1-2393'>\n\t\t\t\tAves na Laguna\n\t\t\t\t<\/figcaption><\/figure><figure class='gallery-item'>\n\t\t\t<div class='gallery-icon landscape'>\n\t\t\t\t<a data-elementor-open-lightbox=\"yes\" data-elementor-lightbox-slideshow=\"93e250f\" data-elementor-lightbox-title=\"Bico-de-lacre, Aveiro, Portugal_photo by Gil\" data-elementor-lightbox-description=\"Birdwatching Aveiro Portugal\" data-e-action-hash=\"#elementor-action%3Aaction%3Dlightbox%26settings%3DeyJpZCI6MjM5NSwidXJsIjoiaHR0cHM6XC9cL291dGNyb3AucHRcL3B0XC93cC1jb250ZW50XC91cGxvYWRzXC8yMDIxXC8wMVwvQmljby1kZS1sYWNyZS1BdmVpcm8tUG9ydHVnYWxfcGhvdG8tYnktR2lsLmpwZyIsInNsaWRlc2hvdyI6IjkzZTI1MGYifQ%3D%3D\" href='https:\/\/outcrop.pt\/pt\/wp-content\/uploads\/2021\/01\/Bico-de-lacre-Aveiro-Portugal_photo-by-Gil.jpg'><img loading=\"lazy\" decoding=\"async\" width=\"550\" height=\"400\" src=\"https:\/\/outcrop.pt\/pt\/wp-content\/uploads\/2021\/01\/Bico-de-lacre-Aveiro-Portugal_photo-by-Gil-550x400.jpg\" class=\"attachment-sydney-medium-thumb size-sydney-medium-thumb\" alt=\"Observa\u00e7\u00e3o de Aves em Aveiro\" aria-describedby=\"gallery-1-2395\" \/><\/a>\n\t\t\t<\/div>\n\t\t\t\t<figcaption class='wp-caption-text gallery-caption' id='gallery-1-2395'>\n\t\t\t\tBicos-de-Lacre\n\t\t\t\t<\/figcaption><\/figure><figure class='gallery-item'>\n\t\t\t<div class='gallery-icon landscape'>\n\t\t\t\t<a data-elementor-open-lightbox=\"yes\" data-elementor-lightbox-slideshow=\"93e250f\" data-elementor-lightbox-title=\"Birdwatching, salt pans, Aveiro, Portugal_photo by Gil Outcrop\" data-elementor-lightbox-description=\"Birdwatching Aveiro Portugal\" data-e-action-hash=\"#elementor-action%3Aaction%3Dlightbox%26settings%3DeyJpZCI6MjQwMCwidXJsIjoiaHR0cHM6XC9cL291dGNyb3AucHRcL3B0XC93cC1jb250ZW50XC91cGxvYWRzXC8yMDIxXC8wMVwvQmlyZHdhdGNoaW5nLXNhbHQtcGFucy1BdmVpcm8tUG9ydHVnYWxfcGhvdG8tYnktR2lsLU91dGNyb3AuanBnIiwic2xpZGVzaG93IjoiOTNlMjUwZiJ9\" href='https:\/\/outcrop.pt\/pt\/wp-content\/uploads\/2021\/01\/Birdwatching-salt-pans-Aveiro-Portugal_photo-by-Gil-Outcrop.jpg'><img loading=\"lazy\" decoding=\"async\" width=\"550\" height=\"400\" src=\"https:\/\/outcrop.pt\/pt\/wp-content\/uploads\/2021\/01\/Birdwatching-salt-pans-Aveiro-Portugal_photo-by-Gil-Outcrop-550x400.jpg\" class=\"attachment-sydney-medium-thumb size-sydney-medium-thumb\" alt=\"Observa\u00e7\u00e3o de Aves Aveiro\" aria-describedby=\"gallery-1-2400\" \/><\/a>\n\t\t\t<\/div>\n\t\t\t\t<figcaption class='wp-caption-text gallery-caption' id='gallery-1-2400'>\n\t\t\t\tPernilongo e crias\n\t\t\t\t<\/figcaption><\/figure><figure class='gallery-item'>\n\t\t\t<div class='gallery-icon landscape'>\n\t\t\t\t<a data-elementor-open-lightbox=\"yes\" data-elementor-lightbox-slideshow=\"93e250f\" data-elementor-lightbox-title=\"Black Redstart, Aveiro, Portugal_photo by Gil\" data-elementor-lightbox-description=\"Birdwatching Aveiro Portugal\" data-e-action-hash=\"#elementor-action%3Aaction%3Dlightbox%26settings%3DeyJpZCI6MjQwMSwidXJsIjoiaHR0cHM6XC9cL291dGNyb3AucHRcL3B0XC93cC1jb250ZW50XC91cGxvYWRzXC8yMDIxXC8wMVwvQmxhY2stUmVkc3RhcnQtQXZlaXJvLVBvcnR1Z2FsX3Bob3RvLWJ5LUdpbC5qcGciLCJzbGlkZXNob3ciOiI5M2UyNTBmIn0%3D\" href='https:\/\/outcrop.pt\/pt\/wp-content\/uploads\/2021\/01\/Black-Redstart-Aveiro-Portugal_photo-by-Gil.jpg'><img loading=\"lazy\" decoding=\"async\" width=\"550\" height=\"400\" src=\"https:\/\/outcrop.pt\/pt\/wp-content\/uploads\/2021\/01\/Black-Redstart-Aveiro-Portugal_photo-by-Gil-550x400.jpg\" class=\"attachment-sydney-medium-thumb size-sydney-medium-thumb\" alt=\"Observa\u00e7\u00e3o de aves Serra da Freita\" aria-describedby=\"gallery-1-2401\" \/><\/a>\n\t\t\t<\/div>\n\t\t\t\t<figcaption class='wp-caption-text gallery-caption' id='gallery-1-2401'>\n\t\t\t\tRabirruivo\n\t\t\t\t<\/figcaption><\/figure><figure class='gallery-item'>\n\t\t\t<div class='gallery-icon landscape'>\n\t\t\t\t<a data-elementor-open-lightbox=\"yes\" data-elementor-lightbox-slideshow=\"93e250f\" data-elementor-lightbox-title=\"Black-headed Gull, Aveiro, Portugal_photo by Gil\" data-elementor-lightbox-description=\"Birdwatching Aveiro Portugal\" data-e-action-hash=\"#elementor-action%3Aaction%3Dlightbox%26settings%3DeyJpZCI6MjQwMiwidXJsIjoiaHR0cHM6XC9cL291dGNyb3AucHRcL3B0XC93cC1jb250ZW50XC91cGxvYWRzXC8yMDIxXC8wMVwvQmxhY2staGVhZGVkLUd1bGwtQXZlaXJvLVBvcnR1Z2FsX3Bob3RvLWJ5LUdpbC5qcGciLCJzbGlkZXNob3ciOiI5M2UyNTBmIn0%3D\" href='https:\/\/outcrop.pt\/pt\/wp-content\/uploads\/2021\/01\/Black-headed-Gull-Aveiro-Portugal_photo-by-Gil.jpg'><img loading=\"lazy\" decoding=\"async\" width=\"550\" height=\"400\" src=\"https:\/\/outcrop.pt\/pt\/wp-content\/uploads\/2021\/01\/Black-headed-Gull-Aveiro-Portugal_photo-by-Gil-550x400.jpg\" class=\"attachment-sydney-medium-thumb size-sydney-medium-thumb\" alt=\"Observa\u00e7\u00e3o de aves Aveiro\" aria-describedby=\"gallery-1-2402\" \/><\/a>\n\t\t\t<\/div>\n\t\t\t\t<figcaption class='wp-caption-text gallery-caption' id='gallery-1-2402'>\n\t\t\t\tGuincho\n\t\t\t\t<\/figcaption><\/figure><figure class='gallery-item'>\n\t\t\t<div class='gallery-icon landscape'>\n\t\t\t\t<a data-elementor-open-lightbox=\"yes\" data-elementor-lightbox-slideshow=\"93e250f\" data-elementor-lightbox-title=\"Cartaxo-comun, Aveiro, Portugal_photo by Gil\" data-elementor-lightbox-description=\"Birdwatching Aveiro Portugal\" data-e-action-hash=\"#elementor-action%3Aaction%3Dlightbox%26settings%3DeyJpZCI6MjQwMywidXJsIjoiaHR0cHM6XC9cL291dGNyb3AucHRcL3B0XC93cC1jb250ZW50XC91cGxvYWRzXC8yMDIxXC8wMVwvQ2FydGF4by1jb211bi1BdmVpcm8tUG9ydHVnYWxfcGhvdG8tYnktR2lsLmpwZyIsInNsaWRlc2hvdyI6IjkzZTI1MGYifQ%3D%3D\" href='https:\/\/outcrop.pt\/pt\/wp-content\/uploads\/2021\/01\/Cartaxo-comun-Aveiro-Portugal_photo-by-Gil.jpg'><img loading=\"lazy\" decoding=\"async\" width=\"550\" height=\"400\" src=\"https:\/\/outcrop.pt\/pt\/wp-content\/uploads\/2021\/01\/Cartaxo-comun-Aveiro-Portugal_photo-by-Gil-550x400.jpg\" class=\"attachment-sydney-medium-thumb size-sydney-medium-thumb\" alt=\"Birdwatching Aveiro\" aria-describedby=\"gallery-1-2403\" \/><\/a>\n\t\t\t<\/div>\n\t\t\t\t<figcaption class='wp-caption-text gallery-caption' id='gallery-1-2403'>\n\t\t\t\tCartaxo\n\t\t\t\t<\/figcaption><\/figure><figure class='gallery-item'>\n\t\t\t<div class='gallery-icon landscape'>\n\t\t\t\t<a data-elementor-open-lightbox=\"yes\" data-elementor-lightbox-slideshow=\"93e250f\" data-elementor-lightbox-title=\"Chiffchaff, Aveiro, Portugal_photo by Gil\" data-elementor-lightbox-description=\"Birdwatching Aveiro Portugal\" data-e-action-hash=\"#elementor-action%3Aaction%3Dlightbox%26settings%3DeyJpZCI6MjQwNCwidXJsIjoiaHR0cHM6XC9cL291dGNyb3AucHRcL3B0XC93cC1jb250ZW50XC91cGxvYWRzXC8yMDIxXC8wMVwvQ2hpZmZjaGFmZi1BdmVpcm8tUG9ydHVnYWxfcGhvdG8tYnktR2lsLmpwZyIsInNsaWRlc2hvdyI6IjkzZTI1MGYifQ%3D%3D\" href='https:\/\/outcrop.pt\/pt\/wp-content\/uploads\/2021\/01\/Chiffchaff-Aveiro-Portugal_photo-by-Gil.jpg'><img loading=\"lazy\" decoding=\"async\" width=\"550\" height=\"400\" src=\"https:\/\/outcrop.pt\/pt\/wp-content\/uploads\/2021\/01\/Chiffchaff-Aveiro-Portugal_photo-by-Gil-550x400.jpg\" class=\"attachment-sydney-medium-thumb size-sydney-medium-thumb\" alt=\"Observa\u00e7\u00e3o de aves Aveiro\" aria-describedby=\"gallery-1-2404\" \/><\/a>\n\t\t\t<\/div>\n\t\t\t\t<figcaption class='wp-caption-text gallery-caption' id='gallery-1-2404'>\n\t\t\t\tChiffchaff\n\t\t\t\t<\/figcaption><\/figure><figure class='gallery-item'>\n\t\t\t<div class='gallery-icon landscape'>\n\t\t\t\t<a data-elementor-open-lightbox=\"yes\" data-elementor-lightbox-slideshow=\"93e250f\" data-elementor-lightbox-title=\"Cormorants and Egrets, Aveiro, Portugal_photo by Gil\" data-elementor-lightbox-description=\"Birdwatching Aveiro Portugal\" data-e-action-hash=\"#elementor-action%3Aaction%3Dlightbox%26settings%3DeyJpZCI6MjQwNSwidXJsIjoiaHR0cHM6XC9cL291dGNyb3AucHRcL3B0XC93cC1jb250ZW50XC91cGxvYWRzXC8yMDIxXC8wMVwvQ29ybW9yYW50cy1hbmQtRWdyZXRzLUF2ZWlyby1Qb3J0dWdhbF9waG90by1ieS1HaWwuanBnIiwic2xpZGVzaG93IjoiOTNlMjUwZiJ9\" href='https:\/\/outcrop.pt\/pt\/wp-content\/uploads\/2021\/01\/Cormorants-and-Egrets-Aveiro-Portugal_photo-by-Gil.jpg'><img loading=\"lazy\" decoding=\"async\" width=\"550\" height=\"400\" src=\"https:\/\/outcrop.pt\/pt\/wp-content\/uploads\/2021\/01\/Cormorants-and-Egrets-Aveiro-Portugal_photo-by-Gil-550x400.jpg\" class=\"attachment-sydney-medium-thumb size-sydney-medium-thumb\" alt=\"Observa\u00e7\u00e3o de aves Aveiro\" aria-describedby=\"gallery-1-2405\" \/><\/a>\n\t\t\t<\/div>\n\t\t\t\t<figcaption class='wp-caption-text gallery-caption' id='gallery-1-2405'>\n\t\t\t\tCorvos marinhos e Gar\u00e7as Brancas\n\t\t\t\t<\/figcaption><\/figure><figure class='gallery-item'>\n\t\t\t<div class='gallery-icon landscape'>\n\t\t\t\t<a data-elementor-open-lightbox=\"yes\" data-elementor-lightbox-slideshow=\"93e250f\" data-elementor-lightbox-title=\"Egret, Cormorant and Heron, Aveiro, Portugal_photo by Gil\" data-elementor-lightbox-description=\"Birdwatching Aveiro Portugal\" data-e-action-hash=\"#elementor-action%3Aaction%3Dlightbox%26settings%3DeyJpZCI6MjQwNiwidXJsIjoiaHR0cHM6XC9cL291dGNyb3AucHRcL3B0XC93cC1jb250ZW50XC91cGxvYWRzXC8yMDIxXC8wMVwvRWdyZXQtQ29ybW9yYW50LWFuZC1IZXJvbi1BdmVpcm8tUG9ydHVnYWxfcGhvdG8tYnktR2lsLmpwZyIsInNsaWRlc2hvdyI6IjkzZTI1MGYifQ%3D%3D\" href='https:\/\/outcrop.pt\/pt\/wp-content\/uploads\/2021\/01\/Egret-Cormorant-and-Heron-Aveiro-Portugal_photo-by-Gil.jpg'><img loading=\"lazy\" decoding=\"async\" width=\"550\" height=\"400\" src=\"https:\/\/outcrop.pt\/pt\/wp-content\/uploads\/2021\/01\/Egret-Cormorant-and-Heron-Aveiro-Portugal_photo-by-Gil-550x400.jpg\" class=\"attachment-sydney-medium-thumb size-sydney-medium-thumb\" alt=\"Observa\u00e7\u00e3o de aves Aveiro\" aria-describedby=\"gallery-1-2406\" \/><\/a>\n\t\t\t<\/div>\n\t\t\t\t<figcaption class='wp-caption-text gallery-caption' id='gallery-1-2406'>\n\t\t\t\tCorvos Marinhos e Gar\u00e7as\n\t\t\t\t<\/figcaption><\/figure><figure class='gallery-item'>\n\t\t\t<div class='gallery-icon landscape'>\n\t\t\t\t<a data-elementor-open-lightbox=\"yes\" data-elementor-lightbox-slideshow=\"93e250f\" data-elementor-lightbox-title=\"Estorninho-preto, Aveiro, Portugal_photo by Gil\" data-elementor-lightbox-description=\"Birdwatching Aveiro Portugal\" data-e-action-hash=\"#elementor-action%3Aaction%3Dlightbox%26settings%3DeyJpZCI6MjQwNywidXJsIjoiaHR0cHM6XC9cL291dGNyb3AucHRcL3B0XC93cC1jb250ZW50XC91cGxvYWRzXC8yMDIxXC8wMVwvRXN0b3JuaW5oby1wcmV0by1BdmVpcm8tUG9ydHVnYWxfcGhvdG8tYnktR2lsLmpwZyIsInNsaWRlc2hvdyI6IjkzZTI1MGYifQ%3D%3D\" href='https:\/\/outcrop.pt\/pt\/wp-content\/uploads\/2021\/01\/Estorninho-preto-Aveiro-Portugal_photo-by-Gil.jpg'><img loading=\"lazy\" decoding=\"async\" width=\"550\" height=\"400\" src=\"https:\/\/outcrop.pt\/pt\/wp-content\/uploads\/2021\/01\/Estorninho-preto-Aveiro-Portugal_photo-by-Gil-550x400.jpg\" class=\"attachment-sydney-medium-thumb size-sydney-medium-thumb\" alt=\"Observa\u00e7\u00e3o de aves Aveiro\" aria-describedby=\"gallery-1-2407\" \/><\/a>\n\t\t\t<\/div>\n\t\t\t\t<figcaption class='wp-caption-text gallery-caption' id='gallery-1-2407'>\n\t\t\t\tEstorninho Preto\n\t\t\t\t<\/figcaption><\/figure><figure class='gallery-item'>\n\t\t\t<div class='gallery-icon landscape'>\n\t\t\t\t<a data-elementor-open-lightbox=\"yes\" data-elementor-lightbox-slideshow=\"93e250f\" data-elementor-lightbox-title=\"Eurasian Blue Tit, Aveiro, Portugal_photo by Gil\" data-elementor-lightbox-description=\"Birdwatching Aveiro Portugal\" data-e-action-hash=\"#elementor-action%3Aaction%3Dlightbox%26settings%3DeyJpZCI6MjQwOCwidXJsIjoiaHR0cHM6XC9cL291dGNyb3AucHRcL3B0XC93cC1jb250ZW50XC91cGxvYWRzXC8yMDIxXC8wMVwvRXVyYXNpYW4tQmx1ZS1UaXQtQXZlaXJvLVBvcnR1Z2FsX3Bob3RvLWJ5LUdpbC5qcGciLCJzbGlkZXNob3ciOiI5M2UyNTBmIn0%3D\" href='https:\/\/outcrop.pt\/pt\/wp-content\/uploads\/2021\/01\/Eurasian-Blue-Tit-Aveiro-Portugal_photo-by-Gil.jpg'><img loading=\"lazy\" decoding=\"async\" width=\"550\" height=\"400\" src=\"https:\/\/outcrop.pt\/pt\/wp-content\/uploads\/2021\/01\/Eurasian-Blue-Tit-Aveiro-Portugal_photo-by-Gil-550x400.jpg\" class=\"attachment-sydney-medium-thumb size-sydney-medium-thumb\" alt=\"Birdwatching Aveiro\" aria-describedby=\"gallery-1-2408\" \/><\/a>\n\t\t\t<\/div>\n\t\t\t\t<figcaption class='wp-caption-text gallery-caption' id='gallery-1-2408'>\n\t\t\t\tChapim Azul\n\t\t\t\t<\/figcaption><\/figure><figure class='gallery-item'>\n\t\t\t<div class='gallery-icon landscape'>\n\t\t\t\t<a data-elementor-open-lightbox=\"yes\" data-elementor-lightbox-slideshow=\"93e250f\" data-elementor-lightbox-title=\"Eurasian Buzzard, Vagos, Portugal_photo by Gil\" data-elementor-lightbox-description=\"Birdwatching Aveiro Portugal\" data-e-action-hash=\"#elementor-action%3Aaction%3Dlightbox%26settings%3DeyJpZCI6MjQwOSwidXJsIjoiaHR0cHM6XC9cL291dGNyb3AucHRcL3B0XC93cC1jb250ZW50XC91cGxvYWRzXC8yMDIxXC8wMVwvRXVyYXNpYW4tQnV6emFyZC1WYWdvcy1Qb3J0dWdhbF9waG90by1ieS1HaWwuanBnIiwic2xpZGVzaG93IjoiOTNlMjUwZiJ9\" href='https:\/\/outcrop.pt\/pt\/wp-content\/uploads\/2021\/01\/Eurasian-Buzzard-Vagos-Portugal_photo-by-Gil.jpg'><img loading=\"lazy\" decoding=\"async\" width=\"550\" height=\"400\" src=\"https:\/\/outcrop.pt\/pt\/wp-content\/uploads\/2021\/01\/Eurasian-Buzzard-Vagos-Portugal_photo-by-Gil-550x400.jpg\" class=\"attachment-sydney-medium-thumb size-sydney-medium-thumb\" alt=\"Birdwatching Aveiro\" aria-describedby=\"gallery-1-2409\" \/><\/a>\n\t\t\t<\/div>\n\t\t\t\t<figcaption class='wp-caption-text gallery-caption' id='gallery-1-2409'>\n\t\t\t\t\u00c1guia de Asas Redondas\n\t\t\t\t<\/figcaption><\/figure><figure class='gallery-item'>\n\t\t\t<div class='gallery-icon landscape'>\n\t\t\t\t<a data-elementor-open-lightbox=\"yes\" data-elementor-lightbox-slideshow=\"93e250f\" data-elementor-lightbox-title=\"Fam\u00edlia Pato Real, Aveiro, Portuga_photo by Gil\" data-elementor-lightbox-description=\"Birdwatching Aveiro Portugal\" data-e-action-hash=\"#elementor-action%3Aaction%3Dlightbox%26settings%3DeyJpZCI6MjQxMCwidXJsIjoiaHR0cHM6XC9cL291dGNyb3AucHRcL3B0XC93cC1jb250ZW50XC91cGxvYWRzXC8yMDIxXC8wMVwvRmFtaWxpYS1QYXRvLVJlYWwtQXZlaXJvLVBvcnR1Z2FfcGhvdG8tYnktR2lsLmpwZyIsInNsaWRlc2hvdyI6IjkzZTI1MGYifQ%3D%3D\" href='https:\/\/outcrop.pt\/pt\/wp-content\/uploads\/2021\/01\/Familia-Pato-Real-Aveiro-Portuga_photo-by-Gil.jpg'><img loading=\"lazy\" decoding=\"async\" width=\"550\" height=\"400\" src=\"https:\/\/outcrop.pt\/pt\/wp-content\/uploads\/2021\/01\/Familia-Pato-Real-Aveiro-Portuga_photo-by-Gil-550x400.jpg\" class=\"attachment-sydney-medium-thumb size-sydney-medium-thumb\" alt=\"Observa\u00e7\u00e3o de aves Aveiro\" aria-describedby=\"gallery-1-2410\" \/><\/a>\n\t\t\t<\/div>\n\t\t\t\t<figcaption class='wp-caption-text gallery-caption' id='gallery-1-2410'>\n\t\t\t\tF\u00eamea de Pato Real com ninhada\n\t\t\t\t<\/figcaption><\/figure><figure class='gallery-item'>\n\t\t\t<div class='gallery-icon landscape'>\n\t\t\t\t<a data-elementor-open-lightbox=\"yes\" data-elementor-lightbox-slideshow=\"93e250f\" data-elementor-lightbox-title=\"Flamingo and Salt Pans, Aveiro, Portugal_photo by Gil\" data-elementor-lightbox-description=\"Birdwatching Aveiro Portugal\" data-e-action-hash=\"#elementor-action%3Aaction%3Dlightbox%26settings%3DeyJpZCI6MjQxMiwidXJsIjoiaHR0cHM6XC9cL291dGNyb3AucHRcL3B0XC93cC1jb250ZW50XC91cGxvYWRzXC8yMDIxXC8wMVwvRmxhbWluZ28tYW5kLVNhbHQtUGFucy1BdmVpcm8tUG9ydHVnYWxfcGhvdG8tYnktR2lsLmpwZyIsInNsaWRlc2hvdyI6IjkzZTI1MGYifQ%3D%3D\" href='https:\/\/outcrop.pt\/pt\/wp-content\/uploads\/2021\/01\/Flamingo-and-Salt-Pans-Aveiro-Portugal_photo-by-Gil.jpg'><img loading=\"lazy\" decoding=\"async\" width=\"550\" height=\"400\" src=\"https:\/\/outcrop.pt\/pt\/wp-content\/uploads\/2021\/01\/Flamingo-and-Salt-Pans-Aveiro-Portugal_photo-by-Gil-550x400.jpg\" class=\"attachment-sydney-medium-thumb size-sydney-medium-thumb\" alt=\"Observa\u00e7\u00e3o de aves Aveiro\" aria-describedby=\"gallery-1-2412\" \/><\/a>\n\t\t\t<\/div>\n\t\t\t\t<figcaption class='wp-caption-text gallery-caption' id='gallery-1-2412'>\n\t\t\t\tFlamingo e Marinhas\n\t\t\t\t<\/figcaption><\/figure><figure class='gallery-item'>\n\t\t\t<div class='gallery-icon landscape'>\n\t\t\t\t<a data-elementor-open-lightbox=\"yes\" data-elementor-lightbox-slideshow=\"93e250f\" data-elementor-lightbox-title=\"Flamingos Group, Aveiro, Portugal_photo by Gil Outcrop\" data-elementor-lightbox-description=\"Birdwatching Aveiro Portugal\" data-e-action-hash=\"#elementor-action%3Aaction%3Dlightbox%26settings%3DeyJpZCI6MjQxMywidXJsIjoiaHR0cHM6XC9cL291dGNyb3AucHRcL3B0XC93cC1jb250ZW50XC91cGxvYWRzXC8yMDIxXC8wMVwvRmxhbWluZ29zLUdyb3VwLUF2ZWlyby1Qb3J0dWdhbF9waG90by1ieS1HaWwtT3V0Y3JvcC5qcGciLCJzbGlkZXNob3ciOiI5M2UyNTBmIn0%3D\" href='https:\/\/outcrop.pt\/pt\/wp-content\/uploads\/2021\/01\/Flamingos-Group-Aveiro-Portugal_photo-by-Gil-Outcrop.jpg'><img loading=\"lazy\" decoding=\"async\" width=\"550\" height=\"400\" src=\"https:\/\/outcrop.pt\/pt\/wp-content\/uploads\/2021\/01\/Flamingos-Group-Aveiro-Portugal_photo-by-Gil-Outcrop-550x400.jpg\" class=\"attachment-sydney-medium-thumb size-sydney-medium-thumb\" alt=\"Flamingos Aveiro\" aria-describedby=\"gallery-1-2413\" \/><\/a>\n\t\t\t<\/div>\n\t\t\t\t<figcaption class='wp-caption-text gallery-caption' id='gallery-1-2413'>\n\t\t\t\tGrupo de Flamingos\n\t\t\t\t<\/figcaption><\/figure><figure class='gallery-item'>\n\t\t\t<div class='gallery-icon landscape'>\n\t\t\t\t<a data-elementor-open-lightbox=\"yes\" data-elementor-lightbox-slideshow=\"93e250f\" data-elementor-lightbox-title=\"Flamingos Sunset, Aveiro, Portugal_photo by Gil\" data-elementor-lightbox-description=\"Birdwatching Aveiro Portugal\" data-e-action-hash=\"#elementor-action%3Aaction%3Dlightbox%26settings%3DeyJpZCI6MjQxNCwidXJsIjoiaHR0cHM6XC9cL291dGNyb3AucHRcL3B0XC93cC1jb250ZW50XC91cGxvYWRzXC8yMDIxXC8wMVwvRmxhbWluZ29zLVN1bnNldC1BdmVpcm8tUG9ydHVnYWxfcGhvdG8tYnktR2lsLmpwZyIsInNsaWRlc2hvdyI6IjkzZTI1MGYifQ%3D%3D\" href='https:\/\/outcrop.pt\/pt\/wp-content\/uploads\/2021\/01\/Flamingos-Sunset-Aveiro-Portugal_photo-by-Gil.jpg'><img loading=\"lazy\" decoding=\"async\" width=\"550\" height=\"400\" src=\"https:\/\/outcrop.pt\/pt\/wp-content\/uploads\/2021\/01\/Flamingos-Sunset-Aveiro-Portugal_photo-by-Gil-550x400.jpg\" class=\"attachment-sydney-medium-thumb size-sydney-medium-thumb\" alt=\"Flamingos Ria de Aveiro\" aria-describedby=\"gallery-1-2414\" \/><\/a>\n\t\t\t<\/div>\n\t\t\t\t<figcaption class='wp-caption-text gallery-caption' id='gallery-1-2414'>\n\t\t\t\tFlamingos Sunset\n\t\t\t\t<\/figcaption><\/figure><figure class='gallery-item'>\n\t\t\t<div class='gallery-icon landscape'>\n\t\t\t\t<a data-elementor-open-lightbox=\"yes\" data-elementor-lightbox-slideshow=\"93e250f\" data-elementor-lightbox-title=\"Folhas de Cegonha, Aveiro, Portugal_photo by Gil\" data-elementor-lightbox-description=\"Birdwatching Aveiro Portugal\" data-e-action-hash=\"#elementor-action%3Aaction%3Dlightbox%26settings%3DeyJpZCI6MjQxNSwidXJsIjoiaHR0cHM6XC9cL291dGNyb3AucHRcL3B0XC93cC1jb250ZW50XC91cGxvYWRzXC8yMDIxXC8wMVwvRm9saGFzLWRlLUNlZ29uaGEtQXZlaXJvLVBvcnR1Z2FsX3Bob3RvLWJ5LUdpbC5qcGciLCJzbGlkZXNob3ciOiI5M2UyNTBmIn0%3D\" href='https:\/\/outcrop.pt\/pt\/wp-content\/uploads\/2021\/01\/Folhas-de-Cegonha-Aveiro-Portugal_photo-by-Gil.jpg'><img loading=\"lazy\" decoding=\"async\" width=\"550\" height=\"400\" src=\"https:\/\/outcrop.pt\/pt\/wp-content\/uploads\/2021\/01\/Folhas-de-Cegonha-Aveiro-Portugal_photo-by-Gil-550x400.jpg\" class=\"attachment-sydney-medium-thumb size-sydney-medium-thumb\" alt=\"Cegonhas em Aveiro\" aria-describedby=\"gallery-1-2415\" \/><\/a>\n\t\t\t<\/div>\n\t\t\t\t<figcaption class='wp-caption-text gallery-caption' id='gallery-1-2415'>\n\t\t\t\t\u00c1rvore de Cegonhas\n\t\t\t\t<\/figcaption><\/figure><figure class='gallery-item'>\n\t\t\t<div class='gallery-icon landscape'>\n\t\t\t\t<a data-elementor-open-lightbox=\"yes\" data-elementor-lightbox-slideshow=\"93e250f\" data-elementor-lightbox-title=\"Gar\u00e7a Real, Aveiro, Portugal_photo by Gil\" data-elementor-lightbox-description=\"Birdwatching Aveiro Portugal\" data-e-action-hash=\"#elementor-action%3Aaction%3Dlightbox%26settings%3DeyJpZCI6MjQxNiwidXJsIjoiaHR0cHM6XC9cL291dGNyb3AucHRcL3B0XC93cC1jb250ZW50XC91cGxvYWRzXC8yMDIxXC8wMVwvR2FyY2EtUmVhbC1BdmVpcm8tUG9ydHVnYWxfcGhvdG8tYnktR2lsLmpwZyIsInNsaWRlc2hvdyI6IjkzZTI1MGYifQ%3D%3D\" href='https:\/\/outcrop.pt\/pt\/wp-content\/uploads\/2021\/01\/Garca-Real-Aveiro-Portugal_photo-by-Gil.jpg'><img loading=\"lazy\" decoding=\"async\" width=\"550\" height=\"400\" src=\"https:\/\/outcrop.pt\/pt\/wp-content\/uploads\/2021\/01\/Garca-Real-Aveiro-Portugal_photo-by-Gil-550x400.jpg\" class=\"attachment-sydney-medium-thumb size-sydney-medium-thumb\" alt=\"Birdwatching Aveiro Gar\u00e7as\" aria-describedby=\"gallery-1-2416\" \/><\/a>\n\t\t\t<\/div>\n\t\t\t\t<figcaption class='wp-caption-text gallery-caption' id='gallery-1-2416'>\n\t\t\t\tGar\u00e7a Real\n\t\t\t\t<\/figcaption><\/figure><figure class='gallery-item'>\n\t\t\t<div class='gallery-icon landscape'>\n\t\t\t\t<a data-elementor-open-lightbox=\"yes\" data-elementor-lightbox-slideshow=\"93e250f\" data-elementor-lightbox-title=\"Observa\u00e7\u00e3o de aves, Aveiro, Portugal_photo by Gil Outcrop\" data-elementor-lightbox-description=\"Birdwatching Aveiro Portugal\" data-e-action-hash=\"#elementor-action%3Aaction%3Dlightbox%26settings%3DeyJpZCI6MjQyMiwidXJsIjoiaHR0cHM6XC9cL291dGNyb3AucHRcL3B0XC93cC1jb250ZW50XC91cGxvYWRzXC8yMDIxXC8wMVwvT2JzZXJ2YWNhby1kZS1hdmVzLUF2ZWlyby1Qb3J0dWdhbF9waG90by1ieS1HaWwtT3V0Y3JvcC5qcGciLCJzbGlkZXNob3ciOiI5M2UyNTBmIn0%3D\" href='https:\/\/outcrop.pt\/pt\/wp-content\/uploads\/2021\/01\/Observacao-de-aves-Aveiro-Portugal_photo-by-Gil-Outcrop.jpg'><img loading=\"lazy\" decoding=\"async\" width=\"550\" height=\"400\" src=\"https:\/\/outcrop.pt\/pt\/wp-content\/uploads\/2021\/01\/Observacao-de-aves-Aveiro-Portugal_photo-by-Gil-Outcrop-550x400.jpg\" class=\"attachment-sydney-medium-thumb size-sydney-medium-thumb\" alt=\"OUTCROP Observa\u00e7\u00e3o de Aves Aveiro\" aria-describedby=\"gallery-1-2422\" \/><\/a>\n\t\t\t<\/div>\n\t\t\t\t<figcaption class='wp-caption-text gallery-caption' id='gallery-1-2422'>\n\t\t\t\tBirdwatching Aveiro\n\t\t\t\t<\/figcaption><\/figure><figure class='gallery-item'>\n\t\t\t<div class='gallery-icon landscape'>\n\t\t\t\t<a data-elementor-open-lightbox=\"yes\" data-elementor-lightbox-slideshow=\"93e250f\" data-elementor-lightbox-title=\"Godwit, Aveiro, Portugal_photo by Gil\" data-elementor-lightbox-description=\"Birdwatching Aveiro Portugal - Lim\u00edcolas\" data-e-action-hash=\"#elementor-action%3Aaction%3Dlightbox%26settings%3DeyJpZCI6MjQxNywidXJsIjoiaHR0cHM6XC9cL291dGNyb3AucHRcL3B0XC93cC1jb250ZW50XC91cGxvYWRzXC8yMDIxXC8wMVwvR29kd2l0LUF2ZWlyby1Qb3J0dWdhbF9waG90by1ieS1HaWwuanBnIiwic2xpZGVzaG93IjoiOTNlMjUwZiJ9\" href='https:\/\/outcrop.pt\/pt\/wp-content\/uploads\/2021\/01\/Godwit-Aveiro-Portugal_photo-by-Gil.jpg'><img loading=\"lazy\" decoding=\"async\" width=\"550\" height=\"400\" src=\"https:\/\/outcrop.pt\/pt\/wp-content\/uploads\/2021\/01\/Godwit-Aveiro-Portugal_photo-by-Gil-550x400.jpg\" class=\"attachment-sydney-medium-thumb size-sydney-medium-thumb\" alt=\"Birdwatching Aveiro\" aria-describedby=\"gallery-1-2417\" \/><\/a>\n\t\t\t<\/div>\n\t\t\t\t<figcaption class='wp-caption-text gallery-caption' id='gallery-1-2417'>\n\t\t\t\tFuselo\n\t\t\t\t<\/figcaption><\/figure><figure class='gallery-item'>\n\t\t\t<div class='gallery-icon landscape'>\n\t\t\t\t<a data-elementor-open-lightbox=\"yes\" data-elementor-lightbox-slideshow=\"93e250f\" data-elementor-lightbox-title=\"Great Cormorants, Aveiro, Portugal_photo by Gil\" data-elementor-lightbox-description=\"Birdwatching Aveiro Portugal - Lim\u00edcolas\" data-e-action-hash=\"#elementor-action%3Aaction%3Dlightbox%26settings%3DeyJpZCI6MjQxOCwidXJsIjoiaHR0cHM6XC9cL291dGNyb3AucHRcL3B0XC93cC1jb250ZW50XC91cGxvYWRzXC8yMDIxXC8wMVwvR3JlYXQtQ29ybW9yYW50cy1BdmVpcm8tUG9ydHVnYWxfcGhvdG8tYnktR2lsLmpwZyIsInNsaWRlc2hvdyI6IjkzZTI1MGYifQ%3D%3D\" href='https:\/\/outcrop.pt\/pt\/wp-content\/uploads\/2021\/01\/Great-Cormorants-Aveiro-Portugal_photo-by-Gil.jpg'><img loading=\"lazy\" decoding=\"async\" width=\"550\" height=\"400\" src=\"https:\/\/outcrop.pt\/pt\/wp-content\/uploads\/2021\/01\/Great-Cormorants-Aveiro-Portugal_photo-by-Gil-550x400.jpg\" class=\"attachment-sydney-medium-thumb size-sydney-medium-thumb\" alt=\"Corvos marinhos birdwatching Aveiro\" aria-describedby=\"gallery-1-2418\" \/><\/a>\n\t\t\t<\/div>\n\t\t\t\t<figcaption class='wp-caption-text gallery-caption' id='gallery-1-2418'>\n\t\t\t\tCorvos Marinhos de Faces Brancas\n\t\t\t\t<\/figcaption><\/figure><figure class='gallery-item'>\n\t\t\t<div class='gallery-icon landscape'>\n\t\t\t\t<a data-elementor-open-lightbox=\"yes\" data-elementor-lightbox-slideshow=\"93e250f\" data-elementor-lightbox-title=\"Greater Flamingo, Aveiro, Portugal_photo by Gil\" data-elementor-lightbox-description=\"Birdwatching Aveiro Portugal - Lim\u00edcolas\" data-e-action-hash=\"#elementor-action%3Aaction%3Dlightbox%26settings%3DeyJpZCI6MjQxOSwidXJsIjoiaHR0cHM6XC9cL291dGNyb3AucHRcL3B0XC93cC1jb250ZW50XC91cGxvYWRzXC8yMDIxXC8wMVwvR3JlYXRlci1GbGFtaW5nby1BdmVpcm8tUG9ydHVnYWxfcGhvdG8tYnktR2lsLmpwZyIsInNsaWRlc2hvdyI6IjkzZTI1MGYifQ%3D%3D\" href='https:\/\/outcrop.pt\/pt\/wp-content\/uploads\/2021\/01\/Greater-Flamingo-Aveiro-Portugal_photo-by-Gil.jpg'><img loading=\"lazy\" decoding=\"async\" width=\"550\" height=\"400\" src=\"https:\/\/outcrop.pt\/pt\/wp-content\/uploads\/2021\/01\/Greater-Flamingo-Aveiro-Portugal_photo-by-Gil-550x400.jpg\" class=\"attachment-sydney-medium-thumb size-sydney-medium-thumb\" alt=\"Flamingos Birdwatching Aveiro\" aria-describedby=\"gallery-1-2419\" \/><\/a>\n\t\t\t<\/div>\n\t\t\t\t<figcaption class='wp-caption-text gallery-caption' id='gallery-1-2419'>\n\t\t\t\tFlamingo alimentar-se\n\t\t\t\t<\/figcaption><\/figure><figure class='gallery-item'>\n\t\t\t<div class='gallery-icon landscape'>\n\t\t\t\t<a data-elementor-open-lightbox=\"yes\" data-elementor-lightbox-slideshow=\"93e250f\" data-elementor-lightbox-title=\"Guincho-Comum, Aveiro, Portugal_photo by Gil\" data-elementor-lightbox-description=\"Birdwatching Aveiro Portugal - Lim\u00edcolas\" data-e-action-hash=\"#elementor-action%3Aaction%3Dlightbox%26settings%3DeyJpZCI6MjQyMCwidXJsIjoiaHR0cHM6XC9cL291dGNyb3AucHRcL3B0XC93cC1jb250ZW50XC91cGxvYWRzXC8yMDIxXC8wMVwvR3VpbmNoby1Db211bS1BdmVpcm8tUG9ydHVnYWxfcGhvdG8tYnktR2lsLmpwZyIsInNsaWRlc2hvdyI6IjkzZTI1MGYifQ%3D%3D\" href='https:\/\/outcrop.pt\/pt\/wp-content\/uploads\/2021\/01\/Guincho-Comum-Aveiro-Portugal_photo-by-Gil.jpg'><img loading=\"lazy\" decoding=\"async\" width=\"550\" height=\"400\" src=\"https:\/\/outcrop.pt\/pt\/wp-content\/uploads\/2021\/01\/Guincho-Comum-Aveiro-Portugal_photo-by-Gil-550x400.jpg\" class=\"attachment-sydney-medium-thumb size-sydney-medium-thumb\" alt=\"Observa\u00e7\u00e3o de aves Aveiro\" aria-describedby=\"gallery-1-2420\" \/><\/a>\n\t\t\t<\/div>\n\t\t\t\t<figcaption class='wp-caption-text gallery-caption' id='gallery-1-2420'>\n\t\t\t\tGuinchos\n\t\t\t\t<\/figcaption><\/figure><figure class='gallery-item'>\n\t\t\t<div class='gallery-icon landscape'>\n\t\t\t\t<a data-elementor-open-lightbox=\"yes\" data-elementor-lightbox-slideshow=\"93e250f\" data-elementor-lightbox-title=\"Little Egret, Aveiro, Portugal_photo by Gil\" data-elementor-lightbox-description=\"Birdwatching Aveiro Portugal - Lim\u00edcolas\" data-e-action-hash=\"#elementor-action%3Aaction%3Dlightbox%26settings%3DeyJpZCI6MjQyMSwidXJsIjoiaHR0cHM6XC9cL291dGNyb3AucHRcL3B0XC93cC1jb250ZW50XC91cGxvYWRzXC8yMDIxXC8wMVwvTGl0dGxlLUVncmV0LUF2ZWlyby1Qb3J0dWdhbF9waG90by1ieS1HaWwuanBnIiwic2xpZGVzaG93IjoiOTNlMjUwZiJ9\" href='https:\/\/outcrop.pt\/pt\/wp-content\/uploads\/2021\/01\/Little-Egret-Aveiro-Portugal_photo-by-Gil.jpg'><img loading=\"lazy\" decoding=\"async\" width=\"550\" height=\"400\" src=\"https:\/\/outcrop.pt\/pt\/wp-content\/uploads\/2021\/01\/Little-Egret-Aveiro-Portugal_photo-by-Gil-550x400.jpg\" class=\"attachment-sydney-medium-thumb size-sydney-medium-thumb\" alt=\"Observa\u00e7\u00e3o de aves Aveiro Gar\u00e7a\" aria-describedby=\"gallery-1-2421\" \/><\/a>\n\t\t\t<\/div>\n\t\t\t\t<figcaption class='wp-caption-text gallery-caption' id='gallery-1-2421'>\n\t\t\t\tGar\u00e7a Branca Pequena\n\t\t\t\t<\/figcaption><\/figure><figure class='gallery-item'>\n\t\t\t<div class='gallery-icon landscape'>\n\t\t\t\t<a data-elementor-open-lightbox=\"yes\" data-elementor-lightbox-slideshow=\"93e250f\" data-elementor-lightbox-title=\"pato real, Aveiro, Portugal_photo by Gil\" data-elementor-lightbox-description=\"Birdwatching Aveiro Portugal - Lim\u00edcolas\" data-e-action-hash=\"#elementor-action%3Aaction%3Dlightbox%26settings%3DeyJpZCI6MjQyNCwidXJsIjoiaHR0cHM6XC9cL291dGNyb3AucHRcL3B0XC93cC1jb250ZW50XC91cGxvYWRzXC8yMDIxXC8wMVwvcGF0by1yZWFsLUF2ZWlyby1Qb3J0dWdhbF9waG90by1ieS1HaWwuanBnIiwic2xpZGVzaG93IjoiOTNlMjUwZiJ9\" href='https:\/\/outcrop.pt\/pt\/wp-content\/uploads\/2021\/01\/pato-real-Aveiro-Portugal_photo-by-Gil.jpg'><img loading=\"lazy\" decoding=\"async\" width=\"550\" height=\"400\" src=\"https:\/\/outcrop.pt\/pt\/wp-content\/uploads\/2021\/01\/pato-real-Aveiro-Portugal_photo-by-Gil-550x400.jpg\" class=\"attachment-sydney-medium-thumb size-sydney-medium-thumb\" alt=\"Birdwatching Aveiro\" aria-describedby=\"gallery-1-2424\" \/><\/a>\n\t\t\t<\/div>\n\t\t\t\t<figcaption class='wp-caption-text gallery-caption' id='gallery-1-2424'>\n\t\t\t\tPato Real\n\t\t\t\t<\/figcaption><\/figure><figure class='gallery-item'>\n\t\t\t<div class='gallery-icon landscape'>\n\t\t\t\t<a data-elementor-open-lightbox=\"yes\" data-elementor-lightbox-slideshow=\"93e250f\" data-elementor-lightbox-title=\"P\u00eaga-rabuda, Aveiro, Portugal_photo by Gil\" data-elementor-lightbox-description=\"Birdwatching Aveiro Portugal - Lim\u00edcolas\" data-e-action-hash=\"#elementor-action%3Aaction%3Dlightbox%26settings%3DeyJpZCI6MjQyNSwidXJsIjoiaHR0cHM6XC9cL291dGNyb3AucHRcL3B0XC93cC1jb250ZW50XC91cGxvYWRzXC8yMDIxXC8wMVwvUGVnYS1yYWJ1ZGEtQXZlaXJvLVBvcnR1Z2FsX3Bob3RvLWJ5LUdpbC5qcGciLCJzbGlkZXNob3ciOiI5M2UyNTBmIn0%3D\" href='https:\/\/outcrop.pt\/pt\/wp-content\/uploads\/2021\/01\/Pega-rabuda-Aveiro-Portugal_photo-by-Gil.jpg'><img loading=\"lazy\" decoding=\"async\" width=\"550\" height=\"400\" src=\"https:\/\/outcrop.pt\/pt\/wp-content\/uploads\/2021\/01\/Pega-rabuda-Aveiro-Portugal_photo-by-Gil-550x400.jpg\" class=\"attachment-sydney-medium-thumb size-sydney-medium-thumb\" alt=\"Birdwatching Aveiro P\u00eaga-rabuda\" aria-describedby=\"gallery-1-2425\" \/><\/a>\n\t\t\t<\/div>\n\t\t\t\t<figcaption class='wp-caption-text gallery-caption' id='gallery-1-2425'>\n\t\t\t\tP\u00eaga-Rabuda\n\t\t\t\t<\/figcaption><\/figure><figure class='gallery-item'>\n\t\t\t<div class='gallery-icon landscape'>\n\t\t\t\t<a data-elementor-open-lightbox=\"yes\" data-elementor-lightbox-slideshow=\"93e250f\" data-elementor-lightbox-title=\"Pied Avocet, Aveiro, Portugal_photo by Gil\" data-elementor-lightbox-description=\"Birdwatching Aveiro Portugal - Lim\u00edcolas\" data-e-action-hash=\"#elementor-action%3Aaction%3Dlightbox%26settings%3DeyJpZCI6MjQyNiwidXJsIjoiaHR0cHM6XC9cL291dGNyb3AucHRcL3B0XC93cC1jb250ZW50XC91cGxvYWRzXC8yMDIxXC8wMVwvUGllZC1Bdm9jZXQtQXZlaXJvLVBvcnR1Z2FsX3Bob3RvLWJ5LUdpbC5qcGciLCJzbGlkZXNob3ciOiI5M2UyNTBmIn0%3D\" href='https:\/\/outcrop.pt\/pt\/wp-content\/uploads\/2021\/01\/Pied-Avocet-Aveiro-Portugal_photo-by-Gil.jpg'><img loading=\"lazy\" decoding=\"async\" width=\"550\" height=\"400\" src=\"https:\/\/outcrop.pt\/pt\/wp-content\/uploads\/2021\/01\/Pied-Avocet-Aveiro-Portugal_photo-by-Gil-550x400.jpg\" class=\"attachment-sydney-medium-thumb size-sydney-medium-thumb\" alt=\"Observa\u00e7\u00e3o de aves Aveiro Avoceta\" aria-describedby=\"gallery-1-2426\" \/><\/a>\n\t\t\t<\/div>\n\t\t\t\t<figcaption class='wp-caption-text gallery-caption' id='gallery-1-2426'>\n\t\t\t\tAvoceta\n\t\t\t\t<\/figcaption><\/figure><figure class='gallery-item'>\n\t\t\t<div class='gallery-icon landscape'>\n\t\t\t\t<a data-elementor-open-lightbox=\"yes\" data-elementor-lightbox-slideshow=\"93e250f\" data-elementor-lightbox-title=\"Birdwatching, Aveiro, Portugal_photo by Gil\" data-elementor-lightbox-description=\"Birdwatching Aveiro Portugal with OUTCROP Geotourism\" data-e-action-hash=\"#elementor-action%3Aaction%3Dlightbox%26settings%3DeyJpZCI6MjM5OCwidXJsIjoiaHR0cHM6XC9cL291dGNyb3AucHRcL3B0XC93cC1jb250ZW50XC91cGxvYWRzXC8yMDIxXC8wMVwvQmlyZHdhdGNoaW5nLUF2ZWlyby1Qb3J0dWdhbF9waG90by1ieS1HaWwuanBnIiwic2xpZGVzaG93IjoiOTNlMjUwZiJ9\" href='https:\/\/outcrop.pt\/pt\/wp-content\/uploads\/2021\/01\/Birdwatching-Aveiro-Portugal_photo-by-Gil.jpg'><img loading=\"lazy\" decoding=\"async\" width=\"550\" height=\"400\" src=\"https:\/\/outcrop.pt\/pt\/wp-content\/uploads\/2021\/01\/Birdwatching-Aveiro-Portugal_photo-by-Gil-550x400.jpg\" class=\"attachment-sydney-medium-thumb size-sydney-medium-thumb\" alt=\"Birdwatching Aveiro com a Outcrop\" aria-describedby=\"gallery-1-2398\" \/><\/a>\n\t\t\t<\/div>\n\t\t\t\t<figcaption class='wp-caption-text gallery-caption' id='gallery-1-2398'>\n\t\t\t\tObserva\u00e7\u00e3o \u00e0s portas de Aveiro\n\t\t\t\t<\/figcaption><\/figure><figure class='gallery-item'>\n\t\t\t<div class='gallery-icon landscape'>\n\t\t\t\t<a data-elementor-open-lightbox=\"yes\" data-elementor-lightbox-slideshow=\"93e250f\" data-elementor-lightbox-title=\"Pilritos e Borrelhos, Aveiro, Portugal_photo by Gil\" data-elementor-lightbox-description=\"Birdwatching Aveiro Portugal with OUTCROP Geotourism\" data-e-action-hash=\"#elementor-action%3Aaction%3Dlightbox%26settings%3DeyJpZCI6MjQyNywidXJsIjoiaHR0cHM6XC9cL291dGNyb3AucHRcL3B0XC93cC1jb250ZW50XC91cGxvYWRzXC8yMDIxXC8wMVwvUGlscml0b3MtZS1Cb3JyZWxob3MtQXZlaXJvLVBvcnR1Z2FsX3Bob3RvLWJ5LUdpbC5qcGciLCJzbGlkZXNob3ciOiI5M2UyNTBmIn0%3D\" href='https:\/\/outcrop.pt\/pt\/wp-content\/uploads\/2021\/01\/Pilritos-e-Borrelhos-Aveiro-Portugal_photo-by-Gil.jpg'><img loading=\"lazy\" decoding=\"async\" width=\"550\" height=\"400\" src=\"https:\/\/outcrop.pt\/pt\/wp-content\/uploads\/2021\/01\/Pilritos-e-Borrelhos-Aveiro-Portugal_photo-by-Gil-550x400.jpg\" class=\"attachment-sydney-medium-thumb size-sydney-medium-thumb\" alt=\"Observa\u00e7\u00e3o de aves Aveiro\" aria-describedby=\"gallery-1-2427\" \/><\/a>\n\t\t\t<\/div>\n\t\t\t\t<figcaption class='wp-caption-text gallery-caption' id='gallery-1-2427'>\n\t\t\t\tPilritos e Borrelhos\n\t\t\t\t<\/figcaption><\/figure><figure class='gallery-item'>\n\t\t\t<div class='gallery-icon landscape'>\n\t\t\t\t<a data-elementor-open-lightbox=\"yes\" data-elementor-lightbox-slideshow=\"93e250f\" data-elementor-lightbox-title=\"Rola-do-mar, Aveiro, Portugal_photo by Gil\" data-elementor-lightbox-description=\"Birdwatching Aveiro Portugal with OUTCROP Geotourism\" data-e-action-hash=\"#elementor-action%3Aaction%3Dlightbox%26settings%3DeyJpZCI6MjQyOCwidXJsIjoiaHR0cHM6XC9cL291dGNyb3AucHRcL3B0XC93cC1jb250ZW50XC91cGxvYWRzXC8yMDIxXC8wMVwvUm9sYS1kby1tYXItQXZlaXJvLVBvcnR1Z2FsX3Bob3RvLWJ5LUdpbC5qcGciLCJzbGlkZXNob3ciOiI5M2UyNTBmIn0%3D\" href='https:\/\/outcrop.pt\/pt\/wp-content\/uploads\/2021\/01\/Rola-do-mar-Aveiro-Portugal_photo-by-Gil.jpg'><img loading=\"lazy\" decoding=\"async\" width=\"550\" height=\"400\" src=\"https:\/\/outcrop.pt\/pt\/wp-content\/uploads\/2021\/01\/Rola-do-mar-Aveiro-Portugal_photo-by-Gil-550x400.jpg\" class=\"attachment-sydney-medium-thumb size-sydney-medium-thumb\" alt=\"Birdwatching Aveiro\" aria-describedby=\"gallery-1-2428\" \/><\/a>\n\t\t\t<\/div>\n\t\t\t\t<figcaption class='wp-caption-text gallery-caption' id='gallery-1-2428'>\n\t\t\t\tRola-do-Mar\n\t\t\t\t<\/figcaption><\/figure><figure class='gallery-item'>\n\t\t\t<div class='gallery-icon landscape'>\n\t\t\t\t<a data-elementor-open-lightbox=\"yes\" data-elementor-lightbox-slideshow=\"93e250f\" data-elementor-lightbox-title=\"Storks dance, Aveiro, Portugal_photo by Gil\" data-elementor-lightbox-description=\"Birdwatching Aveiro Portugal - cegonhas\" data-e-action-hash=\"#elementor-action%3Aaction%3Dlightbox%26settings%3DeyJpZCI6MjQzMCwidXJsIjoiaHR0cHM6XC9cL291dGNyb3AucHRcL3B0XC93cC1jb250ZW50XC91cGxvYWRzXC8yMDIxXC8wMVwvU3RvcmtzLWRhbmNlLUF2ZWlyby1Qb3J0dWdhbF9waG90by1ieS1HaWwuanBnIiwic2xpZGVzaG93IjoiOTNlMjUwZiJ9\" href='https:\/\/outcrop.pt\/pt\/wp-content\/uploads\/2021\/01\/Storks-dance-Aveiro-Portugal_photo-by-Gil.jpg'><img loading=\"lazy\" decoding=\"async\" width=\"550\" height=\"400\" src=\"https:\/\/outcrop.pt\/pt\/wp-content\/uploads\/2021\/01\/Storks-dance-Aveiro-Portugal_photo-by-Gil-550x400.jpg\" class=\"attachment-sydney-medium-thumb size-sydney-medium-thumb\" alt=\"Birdwatching Aveiro Storks\" aria-describedby=\"gallery-1-2430\" \/><\/a>\n\t\t\t<\/div>\n\t\t\t\t<figcaption class='wp-caption-text gallery-caption' id='gallery-1-2430'>\n\t\t\t\tCegonhas em movimento\n\t\t\t\t<\/figcaption><\/figure><figure class='gallery-item'>\n\t\t\t<div class='gallery-icon landscape'>\n\t\t\t\t<a data-elementor-open-lightbox=\"yes\" data-elementor-lightbox-slideshow=\"93e250f\" data-elementor-lightbox-title=\"Toutinegra de barrete, Aveiro, Portugal_photo by Gil\" data-elementor-lightbox-description=\"Birdwatching Aveiro Portugal - cegonhas\" data-e-action-hash=\"#elementor-action%3Aaction%3Dlightbox%26settings%3DeyJpZCI6MjQzMSwidXJsIjoiaHR0cHM6XC9cL291dGNyb3AucHRcL3B0XC93cC1jb250ZW50XC91cGxvYWRzXC8yMDIxXC8wMVwvVG91dGluZWdyYS1kZS1iYXJyZXRlLUF2ZWlyby1Qb3J0dWdhbF9waG90by1ieS1HaWwuanBnIiwic2xpZGVzaG93IjoiOTNlMjUwZiJ9\" href='https:\/\/outcrop.pt\/pt\/wp-content\/uploads\/2021\/01\/Toutinegra-de-barrete-Aveiro-Portugal_photo-by-Gil.jpg'><img loading=\"lazy\" decoding=\"async\" width=\"550\" height=\"400\" src=\"https:\/\/outcrop.pt\/pt\/wp-content\/uploads\/2021\/01\/Toutinegra-de-barrete-Aveiro-Portugal_photo-by-Gil-550x400.jpg\" class=\"attachment-sydney-medium-thumb size-sydney-medium-thumb\" alt=\"\" aria-describedby=\"gallery-1-2431\" \/><\/a>\n\t\t\t<\/div>\n\t\t\t\t<figcaption class='wp-caption-text gallery-caption' id='gallery-1-2431'>\n\t\t\t\tToutinegra\n\t\t\t\t<\/figcaption><\/figure><figure class='gallery-item'>\n\t\t\t<div class='gallery-icon landscape'>\n\t\t\t\t<a data-elementor-open-lightbox=\"yes\" data-elementor-lightbox-slideshow=\"93e250f\" data-elementor-lightbox-title=\"Tringa Totanus, Aveiro, Portugal_photo by Gil\" data-elementor-lightbox-description=\"Birdwatching Aveiro Portugal - cegonhas\" data-e-action-hash=\"#elementor-action%3Aaction%3Dlightbox%26settings%3DeyJpZCI6MjQzMiwidXJsIjoiaHR0cHM6XC9cL291dGNyb3AucHRcL3B0XC93cC1jb250ZW50XC91cGxvYWRzXC8yMDIxXC8wMVwvVHJpbmdhLVRvdGFudXMtQXZlaXJvLVBvcnR1Z2FsX3Bob3RvLWJ5LUdpbC5qcGciLCJzbGlkZXNob3ciOiI5M2UyNTBmIn0%3D\" href='https:\/\/outcrop.pt\/pt\/wp-content\/uploads\/2021\/01\/Tringa-Totanus-Aveiro-Portugal_photo-by-Gil.jpg'><img loading=\"lazy\" decoding=\"async\" width=\"550\" height=\"400\" src=\"https:\/\/outcrop.pt\/pt\/wp-content\/uploads\/2021\/01\/Tringa-Totanus-Aveiro-Portugal_photo-by-Gil-550x400.jpg\" class=\"attachment-sydney-medium-thumb size-sydney-medium-thumb\" alt=\"\" aria-describedby=\"gallery-1-2432\" \/><\/a>\n\t\t\t<\/div>\n\t\t\t\t<figcaption class='wp-caption-text gallery-caption' id='gallery-1-2432'>\n\t\t\t\tPerna-Vermelha-Comum\n\t\t\t\t<\/figcaption><\/figure><figure class='gallery-item'>\n\t\t\t<div class='gallery-icon landscape'>\n\t\t\t\t<a data-elementor-open-lightbox=\"yes\" data-elementor-lightbox-slideshow=\"93e250f\" data-elementor-lightbox-title=\"Voo da Cegonha, Aveiro, Portugal_photo by Gil\" data-elementor-lightbox-description=\"Birdwatching Aveiro Portugal - Cegonhas\" data-e-action-hash=\"#elementor-action%3Aaction%3Dlightbox%26settings%3DeyJpZCI6MjQzMywidXJsIjoiaHR0cHM6XC9cL291dGNyb3AucHRcL3B0XC93cC1jb250ZW50XC91cGxvYWRzXC8yMDIxXC8wMVwvVm9vLWRhLUNlZ29uaGEtQXZlaXJvLVBvcnR1Z2FsX3Bob3RvLWJ5LUdpbC5qcGciLCJzbGlkZXNob3ciOiI5M2UyNTBmIn0%3D\" href='https:\/\/outcrop.pt\/pt\/wp-content\/uploads\/2021\/01\/Voo-da-Cegonha-Aveiro-Portugal_photo-by-Gil.jpg'><img loading=\"lazy\" decoding=\"async\" width=\"550\" height=\"400\" src=\"https:\/\/outcrop.pt\/pt\/wp-content\/uploads\/2021\/01\/Voo-da-Cegonha-Aveiro-Portugal_photo-by-Gil-550x400.jpg\" class=\"attachment-sydney-medium-thumb size-sydney-medium-thumb\" alt=\"Birdwatching Aveiro\" aria-describedby=\"gallery-1-2433\" \/><\/a>\n\t\t\t<\/div>\n\t\t\t\t<figcaption class='wp-caption-text gallery-caption' id='gallery-1-2433'>\n\t\t\t\tVoo da Cegonha\n\t\t\t\t<\/figcaption><\/figure><figure class='gallery-item'>\n\t\t\t<div class='gallery-icon landscape'>\n\t\t\t\t<a data-elementor-open-lightbox=\"yes\" data-elementor-lightbox-slideshow=\"93e250f\" data-elementor-lightbox-title=\"Yellow-crowned-bishop, Salreu, Portugal_photo by Gil\" data-elementor-lightbox-description=\"Birdwatching Aveiro Portugal - Cegonhas\" data-e-action-hash=\"#elementor-action%3Aaction%3Dlightbox%26settings%3DeyJpZCI6MjQzNCwidXJsIjoiaHR0cHM6XC9cL291dGNyb3AucHRcL3B0XC93cC1jb250ZW50XC91cGxvYWRzXC8yMDIxXC8wMVwvWWVsbG93LWNyb3duZWQtYmlzaG9wLVNhbHJldS1Qb3J0dWdhbF9waG90by1ieS1HaWwuanBnIiwic2xpZGVzaG93IjoiOTNlMjUwZiJ9\" href='https:\/\/outcrop.pt\/pt\/wp-content\/uploads\/2021\/01\/Yellow-crowned-bishop-Salreu-Portugal_photo-by-Gil.jpg'><img loading=\"lazy\" decoding=\"async\" width=\"550\" height=\"400\" src=\"https:\/\/outcrop.pt\/pt\/wp-content\/uploads\/2021\/01\/Yellow-crowned-bishop-Salreu-Portugal_photo-by-Gil-550x400.jpg\" class=\"attachment-sydney-medium-thumb size-sydney-medium-thumb\" alt=\"Arcebispo Birdwatching Aveiro with OUTCROP\" aria-describedby=\"gallery-1-2434\" \/><\/a>\n\t\t\t<\/div>\n\t\t\t\t<figcaption class='wp-caption-text gallery-caption' id='gallery-1-2434'>\n\t\t\t\tArcebispo\n\t\t\t\t<\/figcaption><\/figure><figure class='gallery-item'>\n\t\t\t<div class='gallery-icon landscape'>\n\t\t\t\t<a data-elementor-open-lightbox=\"yes\" data-elementor-lightbox-slideshow=\"93e250f\" data-elementor-lightbox-title=\"young Himantopus himantopus, Aveiro, Portugal_photo by Gil\" data-elementor-lightbox-description=\"Birdwatching Aveiro Portugal - Pernilongo\" data-e-action-hash=\"#elementor-action%3Aaction%3Dlightbox%26settings%3DeyJpZCI6MjQzNSwidXJsIjoiaHR0cHM6XC9cL291dGNyb3AucHRcL3B0XC93cC1jb250ZW50XC91cGxvYWRzXC8yMDIxXC8wMVwveW91bmctSGltYW50b3B1cy1oaW1hbnRvcHVzLUF2ZWlyby1Qb3J0dWdhbF9waG90by1ieS1HaWwuanBnIiwic2xpZGVzaG93IjoiOTNlMjUwZiJ9\" href='https:\/\/outcrop.pt\/pt\/wp-content\/uploads\/2021\/01\/young-Himantopus-himantopus-Aveiro-Portugal_photo-by-Gil.jpg'><img loading=\"lazy\" decoding=\"async\" width=\"550\" height=\"400\" src=\"https:\/\/outcrop.pt\/pt\/wp-content\/uploads\/2021\/01\/young-Himantopus-himantopus-Aveiro-Portugal_photo-by-Gil-550x400.jpg\" class=\"attachment-sydney-medium-thumb size-sydney-medium-thumb\" alt=\"Birdwatching Aveiro Portugal\" aria-describedby=\"gallery-1-2435\" \/><\/a>\n\t\t\t<\/div>\n\t\t\t\t<figcaption class='wp-caption-text gallery-caption' id='gallery-1-2435'>\n\t\t\t\tCria de Pernilongo\n\t\t\t\t<\/figcaption><\/figure><figure class='gallery-item'>\n\t\t\t<div class='gallery-icon landscape'>\n\t\t\t\t<a data-elementor-open-lightbox=\"yes\" data-elementor-lightbox-slideshow=\"93e250f\" data-elementor-lightbox-title=\"Zitting Cisticola, Aveiro, Portugal_photo by Gil\" data-elementor-lightbox-description=\"Birdwatching Aveiro Portugal - Pernilongo\" data-e-action-hash=\"#elementor-action%3Aaction%3Dlightbox%26settings%3DeyJpZCI6MjQzNiwidXJsIjoiaHR0cHM6XC9cL291dGNyb3AucHRcL3B0XC93cC1jb250ZW50XC91cGxvYWRzXC8yMDIxXC8wMVwvWml0dGluZy1DaXN0aWNvbGEtQXZlaXJvLVBvcnR1Z2FsX3Bob3RvLWJ5LUdpbC5qcGciLCJzbGlkZXNob3ciOiI5M2UyNTBmIn0%3D\" href='https:\/\/outcrop.pt\/pt\/wp-content\/uploads\/2021\/01\/Zitting-Cisticola-Aveiro-Portugal_photo-by-Gil.jpg'><img loading=\"lazy\" decoding=\"async\" width=\"550\" height=\"400\" src=\"https:\/\/outcrop.pt\/pt\/wp-content\/uploads\/2021\/01\/Zitting-Cisticola-Aveiro-Portugal_photo-by-Gil-550x400.jpg\" class=\"attachment-sydney-medium-thumb size-sydney-medium-thumb\" alt=\"\" aria-describedby=\"gallery-1-2436\" \/><\/a>\n\t\t\t<\/div>\n\t\t\t\t<figcaption class='wp-caption-text gallery-caption' id='gallery-1-2436'>\n\t\t\t\tFuinha-dos-Juncos\n\t\t\t\t<\/figcaption><\/figure><figure class='gallery-item'>\n\t\t\t<div class='gallery-icon landscape'>\n\t\t\t\t<a data-elementor-open-lightbox=\"yes\" data-elementor-lightbox-slideshow=\"93e250f\" data-elementor-lightbox-title=\"Felosa, Aveiro, Portugal_photo by Gil\" data-elementor-lightbox-description=\"Birdwatching Aveiro Portugal - Pernilongo\" data-e-action-hash=\"#elementor-action%3Aaction%3Dlightbox%26settings%3DeyJpZCI6MjQ0MCwidXJsIjoiaHR0cHM6XC9cL291dGNyb3AucHRcL3B0XC93cC1jb250ZW50XC91cGxvYWRzXC8yMDIxXC8wMVwvRmVsb3NhLUF2ZWlyby1Qb3J0dWdhbF9waG90by1ieS1HaWwuanBnIiwic2xpZGVzaG93IjoiOTNlMjUwZiJ9\" href='https:\/\/outcrop.pt\/pt\/wp-content\/uploads\/2021\/01\/Felosa-Aveiro-Portugal_photo-by-Gil.jpg'><img loading=\"lazy\" decoding=\"async\" width=\"550\" height=\"400\" src=\"https:\/\/outcrop.pt\/pt\/wp-content\/uploads\/2021\/01\/Felosa-Aveiro-Portugal_photo-by-Gil-550x400.jpg\" class=\"attachment-sydney-medium-thumb size-sydney-medium-thumb\" alt=\"\" aria-describedby=\"gallery-1-2440\" \/><\/a>\n\t\t\t<\/div>\n\t\t\t\t<figcaption class='wp-caption-text gallery-caption' id='gallery-1-2440'>\n\t\t\t\tFelosa\n\t\t\t\t<\/figcaption><\/figure><figure class='gallery-item'>\n\t\t\t<div class='gallery-icon landscape'>\n\t\t\t\t<a data-elementor-open-lightbox=\"yes\" data-elementor-lightbox-slideshow=\"93e250f\" data-elementor-lightbox-title=\"See Gull, Aveiro, Portugal_photo by Gil\" data-elementor-lightbox-description=\"Birdwatching Aveiro Portugal - Pernilongo\" data-e-action-hash=\"#elementor-action%3Aaction%3Dlightbox%26settings%3DeyJpZCI6MjQ0MSwidXJsIjoiaHR0cHM6XC9cL291dGNyb3AucHRcL3B0XC93cC1jb250ZW50XC91cGxvYWRzXC8yMDIxXC8wMVwvU2VlLUd1bGwtQXZlaXJvLVBvcnR1Z2FsX3Bob3RvLWJ5LUdpbC5qcGciLCJzbGlkZXNob3ciOiI5M2UyNTBmIn0%3D\" href='https:\/\/outcrop.pt\/pt\/wp-content\/uploads\/2021\/01\/See-Gull-Aveiro-Portugal_photo-by-Gil.jpg'><img loading=\"lazy\" decoding=\"async\" width=\"550\" height=\"400\" src=\"https:\/\/outcrop.pt\/pt\/wp-content\/uploads\/2021\/01\/See-Gull-Aveiro-Portugal_photo-by-Gil-550x400.jpg\" class=\"attachment-sydney-medium-thumb size-sydney-medium-thumb\" alt=\"\" aria-describedby=\"gallery-1-2441\" \/><\/a>\n\t\t\t<\/div>\n\t\t\t\t<figcaption class='wp-caption-text gallery-caption' id='gallery-1-2441'>\n\t\t\t\tGaivotas\n\t\t\t\t<\/figcaption><\/figure><figure class='gallery-item'>\n\t\t\t<div class='gallery-icon landscape'>\n\t\t\t\t<a data-elementor-open-lightbox=\"yes\" data-elementor-lightbox-slideshow=\"93e250f\" data-elementor-lightbox-title=\"Pato-colheleiro, Aveiro, Portugal_photo by Gil\" data-elementor-lightbox-description=\"Birdwatching Aveiro Portugal - Pernilongo\" data-e-action-hash=\"#elementor-action%3Aaction%3Dlightbox%26settings%3DeyJpZCI6MjQ0OCwidXJsIjoiaHR0cHM6XC9cL291dGNyb3AucHRcL3B0XC93cC1jb250ZW50XC91cGxvYWRzXC8yMDIxXC8wMVwvUGF0by1jb2xoZWxlaXJvLUF2ZWlyby1Qb3J0dWdhbF9waG90by1ieS1HaWwuanBnIiwic2xpZGVzaG93IjoiOTNlMjUwZiJ9\" href='https:\/\/outcrop.pt\/pt\/wp-content\/uploads\/2021\/01\/Pato-colheleiro-Aveiro-Portugal_photo-by-Gil.jpg'><img loading=\"lazy\" decoding=\"async\" width=\"550\" height=\"400\" src=\"https:\/\/outcrop.pt\/pt\/wp-content\/uploads\/2021\/01\/Pato-colheleiro-Aveiro-Portugal_photo-by-Gil-550x400.jpg\" class=\"attachment-sydney-medium-thumb size-sydney-medium-thumb\" alt=\"Patos birdwatching Aveiro\" aria-describedby=\"gallery-1-2448\" \/><\/a>\n\t\t\t<\/div>\n\t\t\t\t<figcaption class='wp-caption-text gallery-caption' id='gallery-1-2448'>\n\t\t\t\tPato-Colhereiro\n\t\t\t\t<\/figcaption><\/figure>\n\t\t<\/div>\n\t\t<\/div>\n\t\t\t\t\t\t<\/div>\n\t\t\t\t<\/div>\n\t\t\t\t\t<\/div>\n\t\t<\/div>\n\t\t\t\t\t<\/div>\n\t\t<\/section>\n\t\t\t\t<\/div>\n\t\t","protected":false},"excerpt":{"rendered":"<p>Birdwatching aveiro, um dos mais belos ref\u00fagios de aves de portugal Facebook Instagram Gar\u00e7a Vermelha Flamingos Crias de Cegonha Observa\u00e7\u00e3o de Aves Andorinha D\u00e1urica Diversidade de Aves Birds Sunset Aves urbanas (Carraceiros) Flamingos em voo A\u00e7or Aves na Laguna Bicos-de-Lacre Pernilongo e crias Rabirruivo Guincho Cartaxo Chiffchaff Corvos marinhos e Gar\u00e7as Brancas Corvos Marinhos e [&hellip;]<\/p>\n","protected":false},"author":1,"featured_media":0,"parent":1727,"menu_order":0,"comment_status":"closed","ping_status":"closed","template":"elementor_header_footer","meta":{"footnotes":""},"class_list":["post-2256","page","type-page","status-publish","hentry"],"yoast_head":"<!-- This site is optimized with the Yoast SEO plugin v25.0 - https:\/\/yoast.com\/wordpress\/plugins\/seo\/ -->\n<title>Birdwatching Aveiro Portugal - OUTCROP Geoturismo<\/title>\n<meta name=\"description\" content=\"Birdwatching Aveiro, Portugal. Aves captadas pelas lentes da OUTCROP durante alguns dos nossos roteiros, sobretudo na regi\u00e3o de Aveiro.\" \/>\n<meta name=\"robots\" content=\"index, follow, max-snippet:-1, max-image-preview:large, max-video-preview:-1\" \/>\n<link rel=\"canonical\" href=\"https:\/\/outcrop.pt\/pt\/galeria-fotos\/birdwatching-aveiro\/\" \/>\n<meta property=\"og:locale\" content=\"en_US\" \/>\n<meta property=\"og:type\" content=\"article\" \/>\n<meta property=\"og:title\" content=\"Birdwatching Aveiro Portugal - OUTCROP Geoturismo\" \/>\n<meta property=\"og:description\" content=\"Birdwatching Aveiro, Portugal. Aves captadas pelas lentes da OUTCROP durante alguns dos nossos roteiros, sobretudo na regi\u00e3o de Aveiro.\" \/>\n<meta property=\"og:url\" content=\"https:\/\/outcrop.pt\/pt\/galeria-fotos\/birdwatching-aveiro\/\" \/>\n<meta property=\"og:site_name\" content=\"OUTCROP\" \/>\n<meta property=\"article:publisher\" content=\"https:\/\/www.facebook.com\/outcrop.pt\" \/>\n<meta property=\"article:modified_time\" content=\"2021-03-31T13:26:34+00:00\" \/>\n<meta property=\"og:image\" content=\"https:\/\/outcrop.pt\/pt\/wp-content\/uploads\/2021\/01\/Ardea-Purpurea-Aveiro-Portugal_photo-by-Gil-550x400.jpg\" \/>\n<meta name=\"twitter:card\" content=\"summary_large_image\" \/>\n<meta name=\"twitter:label1\" content=\"Est. reading time\" \/>\n\t<meta name=\"twitter:data1\" content=\"11 minutes\" \/>\n<script type=\"application\/ld+json\" class=\"yoast-schema-graph\">{\"@context\":\"https:\/\/schema.org\",\"@graph\":[{\"@type\":\"WebPage\",\"@id\":\"https:\/\/outcrop.pt\/pt\/galeria-fotos\/birdwatching-aveiro\/\",\"url\":\"https:\/\/outcrop.pt\/pt\/galeria-fotos\/birdwatching-aveiro\/\",\"name\":\"Birdwatching Aveiro Portugal - OUTCROP Geoturismo\",\"isPartOf\":{\"@id\":\"https:\/\/outcrop.pt\/pt\/#website\"},\"primaryImageOfPage\":{\"@id\":\"https:\/\/outcrop.pt\/pt\/galeria-fotos\/birdwatching-aveiro\/#primaryimage\"},\"image\":{\"@id\":\"https:\/\/outcrop.pt\/pt\/galeria-fotos\/birdwatching-aveiro\/#primaryimage\"},\"thumbnailUrl\":\"https:\/\/outcrop.pt\/pt\/wp-content\/uploads\/2021\/01\/Ardea-Purpurea-Aveiro-Portugal_photo-by-Gil-550x400.jpg\",\"datePublished\":\"2021-01-10T23:16:52+00:00\",\"dateModified\":\"2021-03-31T13:26:34+00:00\",\"description\":\"Birdwatching Aveiro, Portugal. Aves captadas pelas lentes da OUTCROP durante alguns dos nossos roteiros, sobretudo na regi\u00e3o de Aveiro.\",\"breadcrumb\":{\"@id\":\"https:\/\/outcrop.pt\/pt\/galeria-fotos\/birdwatching-aveiro\/#breadcrumb\"},\"inLanguage\":\"en-US\",\"potentialAction\":[{\"@type\":\"ReadAction\",\"target\":[\"https:\/\/outcrop.pt\/pt\/galeria-fotos\/birdwatching-aveiro\/\"]}]},{\"@type\":\"ImageObject\",\"inLanguage\":\"en-US\",\"@id\":\"https:\/\/outcrop.pt\/pt\/galeria-fotos\/birdwatching-aveiro\/#primaryimage\",\"url\":\"https:\/\/outcrop.pt\/pt\/wp-content\/uploads\/2021\/01\/Ardea-Purpurea-Aveiro-Portugal_photo-by-Gil.jpg\",\"contentUrl\":\"https:\/\/outcrop.pt\/pt\/wp-content\/uploads\/2021\/01\/Ardea-Purpurea-Aveiro-Portugal_photo-by-Gil.jpg\",\"width\":1400,\"height\":1049,\"caption\":\"Gar\u00e7a Vermelha\"},{\"@type\":\"BreadcrumbList\",\"@id\":\"https:\/\/outcrop.pt\/pt\/galeria-fotos\/birdwatching-aveiro\/#breadcrumb\",\"itemListElement\":[{\"@type\":\"ListItem\",\"position\":1,\"name\":\"Home\",\"item\":\"https:\/\/outcrop.pt\/pt\/\"},{\"@type\":\"ListItem\",\"position\":2,\"name\":\"Galeria de Fotos\",\"item\":\"https:\/\/outcrop.pt\/pt\/galeria-fotos\/\"},{\"@type\":\"ListItem\",\"position\":3,\"name\":\"Birdwatching Aveiro\"}]},{\"@type\":\"WebSite\",\"@id\":\"https:\/\/outcrop.pt\/pt\/#website\",\"url\":\"https:\/\/outcrop.pt\/pt\/\",\"name\":\"OUTCROP\",\"description\":\"Geoturismo &amp; Consultoria em Geoci\u00eancias\",\"publisher\":{\"@id\":\"https:\/\/outcrop.pt\/pt\/#organization\"},\"potentialAction\":[{\"@type\":\"SearchAction\",\"target\":{\"@type\":\"EntryPoint\",\"urlTemplate\":\"https:\/\/outcrop.pt\/pt\/?s={search_term_string}\"},\"query-input\":{\"@type\":\"PropertyValueSpecification\",\"valueRequired\":true,\"valueName\":\"search_term_string\"}}],\"inLanguage\":\"en-US\"},{\"@type\":\"Organization\",\"@id\":\"https:\/\/outcrop.pt\/pt\/#organization\",\"name\":\"OUTCROP, Geoscience Consulting & Geotourism\",\"url\":\"https:\/\/outcrop.pt\/pt\/\",\"logo\":{\"@type\":\"ImageObject\",\"inLanguage\":\"en-US\",\"@id\":\"https:\/\/outcrop.pt\/pt\/#\/schema\/logo\/image\/\",\"url\":\"https:\/\/outcrop.pt\/pt\/wp-content\/uploads\/2020\/09\/afs-02.png\",\"contentUrl\":\"https:\/\/outcrop.pt\/pt\/wp-content\/uploads\/2020\/09\/afs-02.png\",\"width\":1758,\"height\":503,\"caption\":\"OUTCROP, Geoscience Consulting & Geotourism\"},\"image\":{\"@id\":\"https:\/\/outcrop.pt\/pt\/#\/schema\/logo\/image\/\"},\"sameAs\":[\"https:\/\/www.facebook.com\/outcrop.pt\",\"https:\/\/www.instagram.com\/outcrop.pt\",\"https:\/\/www.linkedin.com\/in\/gil-correia-4471901b\/\"]}]}<\/script>\n<!-- \/ Yoast SEO plugin. -->","yoast_head_json":{"title":"Birdwatching Aveiro Portugal - OUTCROP Geoturismo","description":"Birdwatching Aveiro, Portugal. Aves captadas pelas lentes da OUTCROP durante alguns dos nossos roteiros, sobretudo na regi\u00e3o de Aveiro.","robots":{"index":"index","follow":"follow","max-snippet":"max-snippet:-1","max-image-preview":"max-image-preview:large","max-video-preview":"max-video-preview:-1"},"canonical":"https:\/\/outcrop.pt\/pt\/galeria-fotos\/birdwatching-aveiro\/","og_locale":"en_US","og_type":"article","og_title":"Birdwatching Aveiro Portugal - OUTCROP Geoturismo","og_description":"Birdwatching Aveiro, Portugal. Aves captadas pelas lentes da OUTCROP durante alguns dos nossos roteiros, sobretudo na regi\u00e3o de Aveiro.","og_url":"https:\/\/outcrop.pt\/pt\/galeria-fotos\/birdwatching-aveiro\/","og_site_name":"OUTCROP","article_publisher":"https:\/\/www.facebook.com\/outcrop.pt","article_modified_time":"2021-03-31T13:26:34+00:00","og_image":[{"url":"https:\/\/outcrop.pt\/pt\/wp-content\/uploads\/2021\/01\/Ardea-Purpurea-Aveiro-Portugal_photo-by-Gil-550x400.jpg","type":"","width":"","height":""}],"twitter_card":"summary_large_image","twitter_misc":{"Est. reading time":"11 minutes"},"schema":{"@context":"https:\/\/schema.org","@graph":[{"@type":"WebPage","@id":"https:\/\/outcrop.pt\/pt\/galeria-fotos\/birdwatching-aveiro\/","url":"https:\/\/outcrop.pt\/pt\/galeria-fotos\/birdwatching-aveiro\/","name":"Birdwatching Aveiro Portugal - OUTCROP Geoturismo","isPartOf":{"@id":"https:\/\/outcrop.pt\/pt\/#website"},"primaryImageOfPage":{"@id":"https:\/\/outcrop.pt\/pt\/galeria-fotos\/birdwatching-aveiro\/#primaryimage"},"image":{"@id":"https:\/\/outcrop.pt\/pt\/galeria-fotos\/birdwatching-aveiro\/#primaryimage"},"thumbnailUrl":"https:\/\/outcrop.pt\/pt\/wp-content\/uploads\/2021\/01\/Ardea-Purpurea-Aveiro-Portugal_photo-by-Gil-550x400.jpg","datePublished":"2021-01-10T23:16:52+00:00","dateModified":"2021-03-31T13:26:34+00:00","description":"Birdwatching Aveiro, Portugal. Aves captadas pelas lentes da OUTCROP durante alguns dos nossos roteiros, sobretudo na regi\u00e3o de Aveiro.","breadcrumb":{"@id":"https:\/\/outcrop.pt\/pt\/galeria-fotos\/birdwatching-aveiro\/#breadcrumb"},"inLanguage":"en-US","potentialAction":[{"@type":"ReadAction","target":["https:\/\/outcrop.pt\/pt\/galeria-fotos\/birdwatching-aveiro\/"]}]},{"@type":"ImageObject","inLanguage":"en-US","@id":"https:\/\/outcrop.pt\/pt\/galeria-fotos\/birdwatching-aveiro\/#primaryimage","url":"https:\/\/outcrop.pt\/pt\/wp-content\/uploads\/2021\/01\/Ardea-Purpurea-Aveiro-Portugal_photo-by-Gil.jpg","contentUrl":"https:\/\/outcrop.pt\/pt\/wp-content\/uploads\/2021\/01\/Ardea-Purpurea-Aveiro-Portugal_photo-by-Gil.jpg","width":1400,"height":1049,"caption":"Gar\u00e7a Vermelha"},{"@type":"BreadcrumbList","@id":"https:\/\/outcrop.pt\/pt\/galeria-fotos\/birdwatching-aveiro\/#breadcrumb","itemListElement":[{"@type":"ListItem","position":1,"name":"Home","item":"https:\/\/outcrop.pt\/pt\/"},{"@type":"ListItem","position":2,"name":"Galeria de Fotos","item":"https:\/\/outcrop.pt\/pt\/galeria-fotos\/"},{"@type":"ListItem","position":3,"name":"Birdwatching Aveiro"}]},{"@type":"WebSite","@id":"https:\/\/outcrop.pt\/pt\/#website","url":"https:\/\/outcrop.pt\/pt\/","name":"OUTCROP","description":"Geoturismo &amp; Consultoria em Geoci\u00eancias","publisher":{"@id":"https:\/\/outcrop.pt\/pt\/#organization"},"potentialAction":[{"@type":"SearchAction","target":{"@type":"EntryPoint","urlTemplate":"https:\/\/outcrop.pt\/pt\/?s={search_term_string}"},"query-input":{"@type":"PropertyValueSpecification","valueRequired":true,"valueName":"search_term_string"}}],"inLanguage":"en-US"},{"@type":"Organization","@id":"https:\/\/outcrop.pt\/pt\/#organization","name":"OUTCROP, Geoscience Consulting & Geotourism","url":"https:\/\/outcrop.pt\/pt\/","logo":{"@type":"ImageObject","inLanguage":"en-US","@id":"https:\/\/outcrop.pt\/pt\/#\/schema\/logo\/image\/","url":"https:\/\/outcrop.pt\/pt\/wp-content\/uploads\/2020\/09\/afs-02.png","contentUrl":"https:\/\/outcrop.pt\/pt\/wp-content\/uploads\/2020\/09\/afs-02.png","width":1758,"height":503,"caption":"OUTCROP, Geoscience Consulting & Geotourism"},"image":{"@id":"https:\/\/outcrop.pt\/pt\/#\/schema\/logo\/image\/"},"sameAs":["https:\/\/www.facebook.com\/outcrop.pt","https:\/\/www.instagram.com\/outcrop.pt","https:\/\/www.linkedin.com\/in\/gil-correia-4471901b\/"]}]}},"_links":{"self":[{"href":"https:\/\/outcrop.pt\/pt\/wp-json\/wp\/v2\/pages\/2256","targetHints":{"allow":["GET"]}}],"collection":[{"href":"https:\/\/outcrop.pt\/pt\/wp-json\/wp\/v2\/pages"}],"about":[{"href":"https:\/\/outcrop.pt\/pt\/wp-json\/wp\/v2\/types\/page"}],"author":[{"embeddable":true,"href":"https:\/\/outcrop.pt\/pt\/wp-json\/wp\/v2\/users\/1"}],"replies":[{"embeddable":true,"href":"https:\/\/outcrop.pt\/pt\/wp-json\/wp\/v2\/comments?post=2256"}],"version-history":[{"count":58,"href":"https:\/\/outcrop.pt\/pt\/wp-json\/wp\/v2\/pages\/2256\/revisions"}],"predecessor-version":[{"id":3483,"href":"https:\/\/outcrop.pt\/pt\/wp-json\/wp\/v2\/pages\/2256\/revisions\/3483"}],"up":[{"embeddable":true,"href":"https:\/\/outcrop.pt\/pt\/wp-json\/wp\/v2\/pages\/1727"}],"wp:attachment":[{"href":"https:\/\/outcrop.pt\/pt\/wp-json\/wp\/v2\/media?parent=2256"}],"curies":[{"name":"wp","href":"https:\/\/api.w.org\/{rel}","templated":true}]}}