{"id":2236,"date":"2021-01-10T22:52:54","date_gmt":"2021-01-10T22:52:54","guid":{"rendered":"https:\/\/outcrop.pt\/pt\/?page_id=2236"},"modified":"2021-03-31T15:16:07","modified_gmt":"2021-03-31T15:16:07","slug":"ria-de-aveiro","status":"publish","type":"page","link":"https:\/\/outcrop.pt\/pt\/galeria-fotos\/ria-de-aveiro\/","title":{"rendered":"Ria de Aveiro"},"content":{"rendered":"\t\t<div data-elementor-type=\"wp-page\" data-elementor-id=\"2236\" class=\"elementor elementor-2236\">\n\t\t\t\t\t\t<section class=\"elementor-section elementor-top-section elementor-element elementor-element-4b91b9af elementor-section-stretched elementor-section-boxed elementor-section-height-default elementor-section-height-default\" data-id=\"4b91b9af\" data-element_type=\"section\" data-settings=\"{&quot;stretch_section&quot;:&quot;section-stretched&quot;}\">\n\t\t\t\t\t\t<div class=\"elementor-container elementor-column-gap-default\">\n\t\t\t\t\t<div class=\"elementor-column elementor-col-100 elementor-top-column elementor-element elementor-element-37fcb672\" data-id=\"37fcb672\" data-element_type=\"column\">\n\t\t\t<div class=\"elementor-widget-wrap elementor-element-populated\">\n\t\t\t\t\t\t<div class=\"elementor-element elementor-element-3e43703f elementor-widget elementor-widget-heading\" data-id=\"3e43703f\" data-element_type=\"widget\" data-widget_type=\"heading.default\">\n\t\t\t\t<div class=\"elementor-widget-container\">\n\t\t\t\t\t<h2 class=\"elementor-heading-title elementor-size-default\">Ria de aveiro, beleza natural talhada pela recente hist\u00f3ria geol\u00f3gica e pelo homem<\/h2>\t\t\t\t<\/div>\n\t\t\t\t<\/div>\n\t\t\t\t<div class=\"elementor-element elementor-element-d6b712f elementor-shape-circle elementor-grid-0 e-grid-align-center elementor-widget elementor-widget-social-icons\" data-id=\"d6b712f\" data-element_type=\"widget\" data-widget_type=\"social-icons.default\">\n\t\t\t\t<div class=\"elementor-widget-container\">\n\t\t\t\t\t\t\t<div class=\"elementor-social-icons-wrapper elementor-grid\">\n\t\t\t\t\t\t\t<span class=\"elementor-grid-item\">\n\t\t\t\t\t<a class=\"elementor-icon elementor-social-icon elementor-social-icon-facebook elementor-repeater-item-f4a1fb6\" href=\"https:\/\/www.facebook.com\/media\/set\/?set=a.952102585154884&#038;type=3\" target=\"_blank\">\n\t\t\t\t\t\t<span class=\"elementor-screen-only\">Facebook<\/span>\n\t\t\t\t\t\t<i class=\"fab fa-facebook\"><\/i>\t\t\t\t\t<\/a>\n\t\t\t\t<\/span>\n\t\t\t\t\t\t\t<span class=\"elementor-grid-item\">\n\t\t\t\t\t<a class=\"elementor-icon elementor-social-icon elementor-social-icon-instagram elementor-repeater-item-048daa4\" href=\"https:\/\/www.instagram.com\/outcrop.pt\" target=\"_blank\">\n\t\t\t\t\t\t<span class=\"elementor-screen-only\">Instagram<\/span>\n\t\t\t\t\t\t<i class=\"fab fa-instagram\"><\/i>\t\t\t\t\t<\/a>\n\t\t\t\t<\/span>\n\t\t\t\t\t\t\t<span class=\"elementor-grid-item\">\n\t\t\t\t\t<a class=\"elementor-icon elementor-social-icon elementor-social-icon-airbnb elementor-repeater-item-ae875eb\" href=\"https:\/\/www.airbnb.pt\/experiences\/423443?currentTab=experience_tab&#038;federatedSearchId=f656ff83-55f5-4dd1-871f-a1ce5c72e9c4&#038;searchId=&#038;sectionId=88228047-2aec-4e6a-baad-8b5d131b149d&#038;source=p2\" target=\"_blank\">\n\t\t\t\t\t\t<span class=\"elementor-screen-only\">Airbnb<\/span>\n\t\t\t\t\t\t<i class=\"fab fa-airbnb\"><\/i>\t\t\t\t\t<\/a>\n\t\t\t\t<\/span>\n\t\t\t\t\t<\/div>\n\t\t\t\t\t\t<\/div>\n\t\t\t\t<\/div>\n\t\t\t\t\t<\/div>\n\t\t<\/div>\n\t\t\t\t\t<\/div>\n\t\t<\/section>\n\t\t\t\t<section class=\"elementor-section elementor-top-section elementor-element elementor-element-3db8a690 elementor-section-full_width elementor-section-stretched elementor-section-height-default elementor-section-height-default\" data-id=\"3db8a690\" data-element_type=\"section\" data-settings=\"{&quot;stretch_section&quot;:&quot;section-stretched&quot;}\">\n\t\t\t\t\t\t<div class=\"elementor-container elementor-column-gap-default\">\n\t\t\t\t\t<div class=\"elementor-column elementor-col-100 elementor-top-column elementor-element elementor-element-f464310\" data-id=\"f464310\" data-element_type=\"column\">\n\t\t\t<div class=\"elementor-widget-wrap elementor-element-populated\">\n\t\t\t\t\t\t<div class=\"elementor-element elementor-element-5746f37d gallery-spacing-custom elementor-widget elementor-widget-image-gallery\" data-id=\"5746f37d\" data-element_type=\"widget\" data-widget_type=\"image-gallery.default\">\n\t\t\t\t<div class=\"elementor-widget-container\">\n\t\t\t\t\t\t\t<div class=\"elementor-image-gallery\">\n\t\t\t<div id='gallery-1' class='gallery galleryid-2236 gallery-columns-4 gallery-size-sydney-medium-thumb'><figure class='gallery-item'>\n\t\t\t<div class='gallery-icon landscape'>\n\t\t\t\t<a data-elementor-open-lightbox=\"yes\" data-elementor-lightbox-slideshow=\"5746f37d\" data-elementor-lightbox-title=\"Salt Pans, Sunset, Aveiro, Portugal_photo by Gil Outcrop\" data-e-action-hash=\"#elementor-action%3Aaction%3Dlightbox%26settings%3DeyJpZCI6MTM5MiwidXJsIjoiaHR0cHM6XC9cL291dGNyb3AucHRcL3B0XC93cC1jb250ZW50XC91cGxvYWRzXC8yMDIwXC8xMlwvU2FsdC1QYW5zLVN1bnNldC1BdmVpcm8tUG9ydHVnYWxfcGhvdG8tYnktR2lsLU91dGNyb3AuanBnIiwic2xpZGVzaG93IjoiNTc0NmYzN2QifQ%3D%3D\" href='https:\/\/outcrop.pt\/pt\/wp-content\/uploads\/2020\/12\/Salt-Pans-Sunset-Aveiro-Portugal_photo-by-Gil-Outcrop.jpg'><img fetchpriority=\"high\" decoding=\"async\" width=\"550\" height=\"400\" src=\"https:\/\/outcrop.pt\/pt\/wp-content\/uploads\/2020\/12\/Salt-Pans-Sunset-Aveiro-Portugal_photo-by-Gil-Outcrop-550x400.jpg\" class=\"attachment-sydney-medium-thumb size-sydney-medium-thumb\" alt=\"A ci\u00eancia por tr\u00e1s das paisagens de Sal de Aveiro\" aria-describedby=\"gallery-1-1392\" \/><\/a>\n\t\t\t<\/div>\n\t\t\t\t<figcaption class='wp-caption-text gallery-caption' id='gallery-1-1392'>\n\t\t\t\tMarinhas de Sal de Aveiro\n\t\t\t\t<\/figcaption><\/figure><figure class='gallery-item'>\n\t\t\t<div class='gallery-icon landscape'>\n\t\t\t\t<a data-elementor-open-lightbox=\"yes\" data-elementor-lightbox-slideshow=\"5746f37d\" data-elementor-lightbox-title=\"walking, Ria de aveiro, Aveiro, Portugal_photo by Gi Outcrop\" data-e-action-hash=\"#elementor-action%3Aaction%3Dlightbox%26settings%3DeyJpZCI6MTQ0NiwidXJsIjoiaHR0cHM6XC9cL291dGNyb3AucHRcL3B0XC93cC1jb250ZW50XC91cGxvYWRzXC8yMDIwXC8xMlwvd2Fsa2luZy1SaWEtZGUtYXZlaXJvLUF2ZWlyby1Qb3J0dWdhbF9waG90by1ieS1HaS1PdXRjcm9wLmpwZyIsInNsaWRlc2hvdyI6IjU3NDZmMzdkIn0%3D\" href='https:\/\/outcrop.pt\/pt\/wp-content\/uploads\/2020\/12\/walking-Ria-de-aveiro-Aveiro-Portugal_photo-by-Gi-Outcrop.jpg'><img decoding=\"async\" width=\"550\" height=\"400\" src=\"https:\/\/outcrop.pt\/pt\/wp-content\/uploads\/2020\/12\/walking-Ria-de-aveiro-Aveiro-Portugal_photo-by-Gi-Outcrop-550x400.jpg\" class=\"attachment-sydney-medium-thumb size-sydney-medium-thumb\" alt=\"Geoturismo e caminhadas interpretativas em Aveiro\" aria-describedby=\"gallery-1-1446\" \/><\/a>\n\t\t\t<\/div>\n\t\t\t\t<figcaption class='wp-caption-text gallery-caption' id='gallery-1-1446'>\n\t\t\t\tLaguna e Marinhas de Sal\n\t\t\t\t<\/figcaption><\/figure><figure class='gallery-item'>\n\t\t\t<div class='gallery-icon landscape'>\n\t\t\t\t<a data-elementor-open-lightbox=\"yes\" data-elementor-lightbox-slideshow=\"5746f37d\" data-elementor-lightbox-title=\"Costa Nova, Aveiro, Portugal_photo by Gil Outcrop\" data-e-action-hash=\"#elementor-action%3Aaction%3Dlightbox%26settings%3DeyJpZCI6MTQ0MSwidXJsIjoiaHR0cHM6XC9cL291dGNyb3AucHRcL3B0XC93cC1jb250ZW50XC91cGxvYWRzXC8yMDIwXC8xMlwvQ29zdGEtTm92YS1BdmVpcm8tUG9ydHVnYWxfcGhvdG8tYnktR2lsLU91dGNyb3AuanBnIiwic2xpZGVzaG93IjoiNTc0NmYzN2QifQ%3D%3D\" href='https:\/\/outcrop.pt\/pt\/wp-content\/uploads\/2020\/12\/Costa-Nova-Aveiro-Portugal_photo-by-Gil-Outcrop.jpg'><img decoding=\"async\" width=\"550\" height=\"400\" src=\"https:\/\/outcrop.pt\/pt\/wp-content\/uploads\/2020\/12\/Costa-Nova-Aveiro-Portugal_photo-by-Gil-Outcrop-550x400.jpg\" class=\"attachment-sydney-medium-thumb size-sydney-medium-thumb\" alt=\"Casas coloridas da Costa Nova\" aria-describedby=\"gallery-1-1441\" \/><\/a>\n\t\t\t<\/div>\n\t\t\t\t<figcaption class='wp-caption-text gallery-caption' id='gallery-1-1441'>\n\t\t\t\tCosta Nova do Prado\n\t\t\t\t<\/figcaption><\/figure><figure class='gallery-item'>\n\t\t\t<div class='gallery-icon landscape'>\n\t\t\t\t<a data-elementor-open-lightbox=\"yes\" data-elementor-lightbox-slideshow=\"5746f37d\" data-elementor-lightbox-title=\"Birds, Aveiro, Portugal_photo by Gil Outcrop\" data-e-action-hash=\"#elementor-action%3Aaction%3Dlightbox%26settings%3DeyJpZCI6MTQzOCwidXJsIjoiaHR0cHM6XC9cL291dGNyb3AucHRcL3B0XC93cC1jb250ZW50XC91cGxvYWRzXC8yMDIwXC8xMlwvQmlyZHMtQXZlaXJvLVBvcnR1Z2FsX3Bob3RvLWJ5LUdpbC1PdXRjcm9wLmpwZyIsInNsaWRlc2hvdyI6IjU3NDZmMzdkIn0%3D\" href='https:\/\/outcrop.pt\/pt\/wp-content\/uploads\/2020\/12\/Birds-Aveiro-Portugal_photo-by-Gil-Outcrop.jpg'><img loading=\"lazy\" decoding=\"async\" width=\"550\" height=\"400\" src=\"https:\/\/outcrop.pt\/pt\/wp-content\/uploads\/2020\/12\/Birds-Aveiro-Portugal_photo-by-Gil-Outcrop-550x400.jpg\" class=\"attachment-sydney-medium-thumb size-sydney-medium-thumb\" alt=\"&quot;The Birds&quot; by Hitchcock na Ria de Aveiro\" aria-describedby=\"gallery-1-1438\" \/><\/a>\n\t\t\t<\/div>\n\t\t\t\t<figcaption class='wp-caption-text gallery-caption' id='gallery-1-1438'>\n\t\t\t\tRef\u00fagio de aves\n\t\t\t\t<\/figcaption><\/figure><figure class='gallery-item'>\n\t\t\t<div class='gallery-icon landscape'>\n\t\t\t\t<a data-elementor-open-lightbox=\"yes\" data-elementor-lightbox-slideshow=\"5746f37d\" data-elementor-lightbox-title=\"Barra Lighthouse, Flamingos, Aveiro, Portugal_photo by Gil Outcrop\" data-e-action-hash=\"#elementor-action%3Aaction%3Dlightbox%26settings%3DeyJpZCI6MTQzNywidXJsIjoiaHR0cHM6XC9cL291dGNyb3AucHRcL3B0XC93cC1jb250ZW50XC91cGxvYWRzXC8yMDIwXC8xMlwvQmFycmEtTGlnaHRob3VzZS1GbGFtaW5nb3MtQXZlaXJvLVBvcnR1Z2FsX3Bob3RvLWJ5LUdpbC1PdXRjcm9wLmpwZyIsInNsaWRlc2hvdyI6IjU3NDZmMzdkIn0%3D\" href='https:\/\/outcrop.pt\/pt\/wp-content\/uploads\/2020\/12\/Barra-Lighthouse-Flamingos-Aveiro-Portugal_photo-by-Gil-Outcrop.jpg'><img loading=\"lazy\" decoding=\"async\" width=\"550\" height=\"400\" src=\"https:\/\/outcrop.pt\/pt\/wp-content\/uploads\/2020\/12\/Barra-Lighthouse-Flamingos-Aveiro-Portugal_photo-by-Gil-Outcrop-550x400.jpg\" class=\"attachment-sydney-medium-thumb size-sydney-medium-thumb\" alt=\"Diversidade da Ria de Aveiro\" aria-describedby=\"gallery-1-1437\" \/><\/a>\n\t\t\t<\/div>\n\t\t\t\t<figcaption class='wp-caption-text gallery-caption' id='gallery-1-1437'>\n\t\t\t\tFarol da Barra\n\t\t\t\t<\/figcaption><\/figure><figure class='gallery-item'>\n\t\t\t<div class='gallery-icon landscape'>\n\t\t\t\t<a data-elementor-open-lightbox=\"yes\" data-elementor-lightbox-slideshow=\"5746f37d\" data-elementor-lightbox-title=\"Cod fishing, Aveiro, Portugal_photo by Gil Outcrop\" data-e-action-hash=\"#elementor-action%3Aaction%3Dlightbox%26settings%3DeyJpZCI6MTQzOSwidXJsIjoiaHR0cHM6XC9cL291dGNyb3AucHRcL3B0XC93cC1jb250ZW50XC91cGxvYWRzXC8yMDIwXC8xMlwvQ29kLWZpc2hpbmctQXZlaXJvLVBvcnR1Z2FsX3Bob3RvLWJ5LUdpbC1PdXRjcm9wLmpwZyIsInNsaWRlc2hvdyI6IjU3NDZmMzdkIn0%3D\" href='https:\/\/outcrop.pt\/pt\/wp-content\/uploads\/2020\/12\/Cod-fishing-Aveiro-Portugal_photo-by-Gil-Outcrop.jpg'><img loading=\"lazy\" decoding=\"async\" width=\"550\" height=\"400\" src=\"https:\/\/outcrop.pt\/pt\/wp-content\/uploads\/2020\/12\/Cod-fishing-Aveiro-Portugal_photo-by-Gil-Outcrop-550x400.jpg\" class=\"attachment-sydney-medium-thumb size-sydney-medium-thumb\" alt=\"Hist\u00f3ria dos bacalhoeiros\" aria-describedby=\"gallery-1-1439\" \/><\/a>\n\t\t\t<\/div>\n\t\t\t\t<figcaption class='wp-caption-text gallery-caption' id='gallery-1-1439'>\n\t\t\t\tHist\u00f3ria da Pesca de Bacalhau\n\t\t\t\t<\/figcaption><\/figure><figure class='gallery-item'>\n\t\t\t<div class='gallery-icon landscape'>\n\t\t\t\t<a data-elementor-open-lightbox=\"yes\" data-elementor-lightbox-slideshow=\"5746f37d\" data-elementor-lightbox-title=\"Aveiro Lagoon, Aveiro, Portugal_photo by Gil Outcrop\" data-e-action-hash=\"#elementor-action%3Aaction%3Dlightbox%26settings%3DeyJpZCI6MTQzNiwidXJsIjoiaHR0cHM6XC9cL291dGNyb3AucHRcL3B0XC93cC1jb250ZW50XC91cGxvYWRzXC8yMDIwXC8xMlwvQXZlaXJvLUxhZ29vbi1BdmVpcm8tUG9ydHVnYWxfcGhvdG8tYnktR2lsLU91dGNyb3AuanBnIiwic2xpZGVzaG93IjoiNTc0NmYzN2QifQ%3D%3D\" href='https:\/\/outcrop.pt\/pt\/wp-content\/uploads\/2020\/12\/Aveiro-Lagoon-Aveiro-Portugal_photo-by-Gil-Outcrop.jpg'><img loading=\"lazy\" decoding=\"async\" width=\"550\" height=\"400\" src=\"https:\/\/outcrop.pt\/pt\/wp-content\/uploads\/2020\/12\/Aveiro-Lagoon-Aveiro-Portugal_photo-by-Gil-Outcrop-550x400.jpg\" class=\"attachment-sydney-medium-thumb size-sydney-medium-thumb\" alt=\"Geoturismo na Ria de Aveiro com a Outcrop\" aria-describedby=\"gallery-1-1436\" \/><\/a>\n\t\t\t<\/div>\n\t\t\t\t<figcaption class='wp-caption-text gallery-caption' id='gallery-1-1436'>\n\t\t\t\tBiodiversidade da Laguna\n\t\t\t\t<\/figcaption><\/figure><figure class='gallery-item'>\n\t\t\t<div class='gallery-icon landscape'>\n\t\t\t\t<a data-elementor-open-lightbox=\"yes\" data-elementor-lightbox-slideshow=\"5746f37d\" data-elementor-lightbox-title=\"Flamingos, Fishing_Boats, Aveiro, Portugal_photo by Gil Outcrop\" data-e-action-hash=\"#elementor-action%3Aaction%3Dlightbox%26settings%3DeyJpZCI6MTQ0MywidXJsIjoiaHR0cHM6XC9cL291dGNyb3AucHRcL3B0XC93cC1jb250ZW50XC91cGxvYWRzXC8yMDIwXC8xMlwvRmxhbWluZ29zLUZpc2hpbmdfQm9hdHMtQXZlaXJvLVBvcnR1Z2FsX3Bob3RvLWJ5LUdpbC1PdXRjcm9wLmpwZyIsInNsaWRlc2hvdyI6IjU3NDZmMzdkIn0%3D\" href='https:\/\/outcrop.pt\/pt\/wp-content\/uploads\/2020\/12\/Flamingos-Fishing_Boats-Aveiro-Portugal_photo-by-Gil-Outcrop.jpg'><img loading=\"lazy\" decoding=\"async\" width=\"550\" height=\"400\" src=\"https:\/\/outcrop.pt\/pt\/wp-content\/uploads\/2020\/12\/Flamingos-Fishing_Boats-Aveiro-Portugal_photo-by-Gil-Outcrop-550x400.jpg\" class=\"attachment-sydney-medium-thumb size-sydney-medium-thumb\" alt=\"Ind\u00fastria Pesqueira vs Aves na Ria de Aveiro\" aria-describedby=\"gallery-1-1443\" \/><\/a>\n\t\t\t<\/div>\n\t\t\t\t<figcaption class='wp-caption-text gallery-caption' id='gallery-1-1443'>\n\t\t\t\tInd\u00fastria Pesqueira vs Natureza\n\t\t\t\t<\/figcaption><\/figure>\n\t\t<\/div>\n\t\t<\/div>\n\t\t\t\t\t\t<\/div>\n\t\t\t\t<\/div>\n\t\t\t\t\t<\/div>\n\t\t<\/div>\n\t\t\t\t\t<\/div>\n\t\t<\/section>\n\t\t\t\t<\/div>\n\t\t","protected":false},"excerpt":{"rendered":"<p>Ria de aveiro, beleza natural talhada pela recente hist\u00f3ria geol\u00f3gica e pelo homem Facebook Instagram Airbnb Marinhas de Sal de Aveiro Laguna e Marinhas de Sal Costa Nova do Prado Ref\u00fagio de aves Farol da Barra Hist\u00f3ria da Pesca de Bacalhau Biodiversidade da Laguna Ind\u00fastria Pesqueira vs Natureza<\/p>\n","protected":false},"author":1,"featured_media":0,"parent":1727,"menu_order":0,"comment_status":"closed","ping_status":"closed","template":"elementor_header_footer","meta":{"footnotes":""},"class_list":["post-2236","page","type-page","status-publish","hentry"],"yoast_head":"<!-- This site is optimized with the Yoast SEO plugin v25.0 - https:\/\/yoast.com\/wordpress\/plugins\/seo\/ -->\n<title>Ria de Aveiro ou Laguna de Aveiro - OUTCROP Geoturismo<\/title>\n<meta name=\"description\" content=\"Imagens do percurso tem\u00e1tico na Ria de Aveiro que mostra a import\u00e2ncia da Geologia desta laguna para as gentes e ind\u00fastria de Aveiro.\" \/>\n<meta name=\"robots\" content=\"index, follow, max-snippet:-1, max-image-preview:large, max-video-preview:-1\" \/>\n<link rel=\"canonical\" href=\"https:\/\/outcrop.pt\/pt\/galeria-fotos\/ria-de-aveiro\/\" \/>\n<meta property=\"og:locale\" content=\"en_US\" \/>\n<meta property=\"og:type\" content=\"article\" \/>\n<meta property=\"og:title\" content=\"Ria de Aveiro ou Laguna de Aveiro - OUTCROP Geoturismo\" \/>\n<meta property=\"og:description\" content=\"Imagens do percurso tem\u00e1tico na Ria de Aveiro que mostra a import\u00e2ncia da Geologia desta laguna para as gentes e ind\u00fastria de Aveiro.\" \/>\n<meta property=\"og:url\" content=\"https:\/\/outcrop.pt\/pt\/galeria-fotos\/ria-de-aveiro\/\" \/>\n<meta property=\"og:site_name\" content=\"OUTCROP\" \/>\n<meta property=\"article:publisher\" content=\"https:\/\/www.facebook.com\/outcrop.pt\" \/>\n<meta property=\"article:modified_time\" content=\"2021-03-31T15:16:07+00:00\" \/>\n<meta property=\"og:image\" content=\"https:\/\/outcrop.pt\/pt\/wp-content\/uploads\/2020\/12\/Salt-Pans-Sunset-Aveiro-Portugal_photo-by-Gil-Outcrop-550x400.jpg\" \/>\n<meta name=\"twitter:card\" content=\"summary_large_image\" \/>\n<meta name=\"twitter:label1\" content=\"Est. reading time\" \/>\n\t<meta name=\"twitter:data1\" content=\"2 minutes\" \/>\n<script type=\"application\/ld+json\" class=\"yoast-schema-graph\">{\"@context\":\"https:\/\/schema.org\",\"@graph\":[{\"@type\":\"WebPage\",\"@id\":\"https:\/\/outcrop.pt\/pt\/galeria-fotos\/ria-de-aveiro\/\",\"url\":\"https:\/\/outcrop.pt\/pt\/galeria-fotos\/ria-de-aveiro\/\",\"name\":\"Ria de Aveiro ou Laguna de Aveiro - OUTCROP Geoturismo\",\"isPartOf\":{\"@id\":\"https:\/\/outcrop.pt\/pt\/#website\"},\"primaryImageOfPage\":{\"@id\":\"https:\/\/outcrop.pt\/pt\/galeria-fotos\/ria-de-aveiro\/#primaryimage\"},\"image\":{\"@id\":\"https:\/\/outcrop.pt\/pt\/galeria-fotos\/ria-de-aveiro\/#primaryimage\"},\"thumbnailUrl\":\"https:\/\/outcrop.pt\/pt\/wp-content\/uploads\/2020\/12\/Salt-Pans-Sunset-Aveiro-Portugal_photo-by-Gil-Outcrop-550x400.jpg\",\"datePublished\":\"2021-01-10T22:52:54+00:00\",\"dateModified\":\"2021-03-31T15:16:07+00:00\",\"description\":\"Imagens do percurso tem\u00e1tico na Ria de Aveiro que mostra a import\u00e2ncia da Geologia desta laguna para as gentes e ind\u00fastria de Aveiro.\",\"breadcrumb\":{\"@id\":\"https:\/\/outcrop.pt\/pt\/galeria-fotos\/ria-de-aveiro\/#breadcrumb\"},\"inLanguage\":\"en-US\",\"potentialAction\":[{\"@type\":\"ReadAction\",\"target\":[\"https:\/\/outcrop.pt\/pt\/galeria-fotos\/ria-de-aveiro\/\"]}]},{\"@type\":\"ImageObject\",\"inLanguage\":\"en-US\",\"@id\":\"https:\/\/outcrop.pt\/pt\/galeria-fotos\/ria-de-aveiro\/#primaryimage\",\"url\":\"https:\/\/outcrop.pt\/pt\/wp-content\/uploads\/2020\/12\/Salt-Pans-Sunset-Aveiro-Portugal_photo-by-Gil-Outcrop.jpg\",\"contentUrl\":\"https:\/\/outcrop.pt\/pt\/wp-content\/uploads\/2020\/12\/Salt-Pans-Sunset-Aveiro-Portugal_photo-by-Gil-Outcrop.jpg\",\"width\":1600,\"height\":1200,\"caption\":\"Marinhas de Sal de Aveiro\"},{\"@type\":\"BreadcrumbList\",\"@id\":\"https:\/\/outcrop.pt\/pt\/galeria-fotos\/ria-de-aveiro\/#breadcrumb\",\"itemListElement\":[{\"@type\":\"ListItem\",\"position\":1,\"name\":\"Home\",\"item\":\"https:\/\/outcrop.pt\/pt\/\"},{\"@type\":\"ListItem\",\"position\":2,\"name\":\"Galeria de Fotos\",\"item\":\"https:\/\/outcrop.pt\/pt\/galeria-fotos\/\"},{\"@type\":\"ListItem\",\"position\":3,\"name\":\"Ria de Aveiro\"}]},{\"@type\":\"WebSite\",\"@id\":\"https:\/\/outcrop.pt\/pt\/#website\",\"url\":\"https:\/\/outcrop.pt\/pt\/\",\"name\":\"OUTCROP\",\"description\":\"Geoturismo &amp; Consultoria em Geoci\u00eancias\",\"publisher\":{\"@id\":\"https:\/\/outcrop.pt\/pt\/#organization\"},\"potentialAction\":[{\"@type\":\"SearchAction\",\"target\":{\"@type\":\"EntryPoint\",\"urlTemplate\":\"https:\/\/outcrop.pt\/pt\/?s={search_term_string}\"},\"query-input\":{\"@type\":\"PropertyValueSpecification\",\"valueRequired\":true,\"valueName\":\"search_term_string\"}}],\"inLanguage\":\"en-US\"},{\"@type\":\"Organization\",\"@id\":\"https:\/\/outcrop.pt\/pt\/#organization\",\"name\":\"OUTCROP, Geoscience Consulting & Geotourism\",\"url\":\"https:\/\/outcrop.pt\/pt\/\",\"logo\":{\"@type\":\"ImageObject\",\"inLanguage\":\"en-US\",\"@id\":\"https:\/\/outcrop.pt\/pt\/#\/schema\/logo\/image\/\",\"url\":\"https:\/\/outcrop.pt\/pt\/wp-content\/uploads\/2020\/09\/afs-02.png\",\"contentUrl\":\"https:\/\/outcrop.pt\/pt\/wp-content\/uploads\/2020\/09\/afs-02.png\",\"width\":1758,\"height\":503,\"caption\":\"OUTCROP, Geoscience Consulting & Geotourism\"},\"image\":{\"@id\":\"https:\/\/outcrop.pt\/pt\/#\/schema\/logo\/image\/\"},\"sameAs\":[\"https:\/\/www.facebook.com\/outcrop.pt\",\"https:\/\/www.instagram.com\/outcrop.pt\",\"https:\/\/www.linkedin.com\/in\/gil-correia-4471901b\/\"]}]}<\/script>\n<!-- \/ Yoast SEO plugin. -->","yoast_head_json":{"title":"Ria de Aveiro ou Laguna de Aveiro - OUTCROP Geoturismo","description":"Imagens do percurso tem\u00e1tico na Ria de Aveiro que mostra a import\u00e2ncia da Geologia desta laguna para as gentes e ind\u00fastria de Aveiro.","robots":{"index":"index","follow":"follow","max-snippet":"max-snippet:-1","max-image-preview":"max-image-preview:large","max-video-preview":"max-video-preview:-1"},"canonical":"https:\/\/outcrop.pt\/pt\/galeria-fotos\/ria-de-aveiro\/","og_locale":"en_US","og_type":"article","og_title":"Ria de Aveiro ou Laguna de Aveiro - OUTCROP Geoturismo","og_description":"Imagens do percurso tem\u00e1tico na Ria de Aveiro que mostra a import\u00e2ncia da Geologia desta laguna para as gentes e ind\u00fastria de Aveiro.","og_url":"https:\/\/outcrop.pt\/pt\/galeria-fotos\/ria-de-aveiro\/","og_site_name":"OUTCROP","article_publisher":"https:\/\/www.facebook.com\/outcrop.pt","article_modified_time":"2021-03-31T15:16:07+00:00","og_image":[{"url":"https:\/\/outcrop.pt\/pt\/wp-content\/uploads\/2020\/12\/Salt-Pans-Sunset-Aveiro-Portugal_photo-by-Gil-Outcrop-550x400.jpg","type":"","width":"","height":""}],"twitter_card":"summary_large_image","twitter_misc":{"Est. reading time":"2 minutes"},"schema":{"@context":"https:\/\/schema.org","@graph":[{"@type":"WebPage","@id":"https:\/\/outcrop.pt\/pt\/galeria-fotos\/ria-de-aveiro\/","url":"https:\/\/outcrop.pt\/pt\/galeria-fotos\/ria-de-aveiro\/","name":"Ria de Aveiro ou Laguna de Aveiro - OUTCROP Geoturismo","isPartOf":{"@id":"https:\/\/outcrop.pt\/pt\/#website"},"primaryImageOfPage":{"@id":"https:\/\/outcrop.pt\/pt\/galeria-fotos\/ria-de-aveiro\/#primaryimage"},"image":{"@id":"https:\/\/outcrop.pt\/pt\/galeria-fotos\/ria-de-aveiro\/#primaryimage"},"thumbnailUrl":"https:\/\/outcrop.pt\/pt\/wp-content\/uploads\/2020\/12\/Salt-Pans-Sunset-Aveiro-Portugal_photo-by-Gil-Outcrop-550x400.jpg","datePublished":"2021-01-10T22:52:54+00:00","dateModified":"2021-03-31T15:16:07+00:00","description":"Imagens do percurso tem\u00e1tico na Ria de Aveiro que mostra a import\u00e2ncia da Geologia desta laguna para as gentes e ind\u00fastria de Aveiro.","breadcrumb":{"@id":"https:\/\/outcrop.pt\/pt\/galeria-fotos\/ria-de-aveiro\/#breadcrumb"},"inLanguage":"en-US","potentialAction":[{"@type":"ReadAction","target":["https:\/\/outcrop.pt\/pt\/galeria-fotos\/ria-de-aveiro\/"]}]},{"@type":"ImageObject","inLanguage":"en-US","@id":"https:\/\/outcrop.pt\/pt\/galeria-fotos\/ria-de-aveiro\/#primaryimage","url":"https:\/\/outcrop.pt\/pt\/wp-content\/uploads\/2020\/12\/Salt-Pans-Sunset-Aveiro-Portugal_photo-by-Gil-Outcrop.jpg","contentUrl":"https:\/\/outcrop.pt\/pt\/wp-content\/uploads\/2020\/12\/Salt-Pans-Sunset-Aveiro-Portugal_photo-by-Gil-Outcrop.jpg","width":1600,"height":1200,"caption":"Marinhas de Sal de Aveiro"},{"@type":"BreadcrumbList","@id":"https:\/\/outcrop.pt\/pt\/galeria-fotos\/ria-de-aveiro\/#breadcrumb","itemListElement":[{"@type":"ListItem","position":1,"name":"Home","item":"https:\/\/outcrop.pt\/pt\/"},{"@type":"ListItem","position":2,"name":"Galeria de Fotos","item":"https:\/\/outcrop.pt\/pt\/galeria-fotos\/"},{"@type":"ListItem","position":3,"name":"Ria de Aveiro"}]},{"@type":"WebSite","@id":"https:\/\/outcrop.pt\/pt\/#website","url":"https:\/\/outcrop.pt\/pt\/","name":"OUTCROP","description":"Geoturismo &amp; Consultoria em Geoci\u00eancias","publisher":{"@id":"https:\/\/outcrop.pt\/pt\/#organization"},"potentialAction":[{"@type":"SearchAction","target":{"@type":"EntryPoint","urlTemplate":"https:\/\/outcrop.pt\/pt\/?s={search_term_string}"},"query-input":{"@type":"PropertyValueSpecification","valueRequired":true,"valueName":"search_term_string"}}],"inLanguage":"en-US"},{"@type":"Organization","@id":"https:\/\/outcrop.pt\/pt\/#organization","name":"OUTCROP, Geoscience Consulting & Geotourism","url":"https:\/\/outcrop.pt\/pt\/","logo":{"@type":"ImageObject","inLanguage":"en-US","@id":"https:\/\/outcrop.pt\/pt\/#\/schema\/logo\/image\/","url":"https:\/\/outcrop.pt\/pt\/wp-content\/uploads\/2020\/09\/afs-02.png","contentUrl":"https:\/\/outcrop.pt\/pt\/wp-content\/uploads\/2020\/09\/afs-02.png","width":1758,"height":503,"caption":"OUTCROP, Geoscience Consulting & Geotourism"},"image":{"@id":"https:\/\/outcrop.pt\/pt\/#\/schema\/logo\/image\/"},"sameAs":["https:\/\/www.facebook.com\/outcrop.pt","https:\/\/www.instagram.com\/outcrop.pt","https:\/\/www.linkedin.com\/in\/gil-correia-4471901b\/"]}]}},"_links":{"self":[{"href":"https:\/\/outcrop.pt\/pt\/wp-json\/wp\/v2\/pages\/2236","targetHints":{"allow":["GET"]}}],"collection":[{"href":"https:\/\/outcrop.pt\/pt\/wp-json\/wp\/v2\/pages"}],"about":[{"href":"https:\/\/outcrop.pt\/pt\/wp-json\/wp\/v2\/types\/page"}],"author":[{"embeddable":true,"href":"https:\/\/outcrop.pt\/pt\/wp-json\/wp\/v2\/users\/1"}],"replies":[{"embeddable":true,"href":"https:\/\/outcrop.pt\/pt\/wp-json\/wp\/v2\/comments?post=2236"}],"version-history":[{"count":34,"href":"https:\/\/outcrop.pt\/pt\/wp-json\/wp\/v2\/pages\/2236\/revisions"}],"predecessor-version":[{"id":3614,"href":"https:\/\/outcrop.pt\/pt\/wp-json\/wp\/v2\/pages\/2236\/revisions\/3614"}],"up":[{"embeddable":true,"href":"https:\/\/outcrop.pt\/pt\/wp-json\/wp\/v2\/pages\/1727"}],"wp:attachment":[{"href":"https:\/\/outcrop.pt\/pt\/wp-json\/wp\/v2\/media?parent=2236"}],"curies":[{"name":"wp","href":"https:\/\/api.w.org\/{rel}","templated":true}]}}